{"id":18813548,"date":"2025-09-18T11:06:51","date_gmt":"2025-09-18T09:06:51","guid":{"rendered":"https:\/\/alamocostadelsol.com\/kommer-snart"},"modified":"2026-01-12T16:41:06","modified_gmt":"2026-01-12T15:41:06","slug":"kommer-snart","status":"publish","type":"page","link":"https:\/\/alamocostadelsol.com\/sv\/kommer-snart","title":{"rendered":"Kommer snart"},"content":{"rendered":"<p>[et_pb_section fb_built=&#8221;1&#8243; _builder_version=&#8221;4.25.1&#8243; _module_preset=&#8221;default&#8221; background_color=&#8221;#f9f9f9&#8243; custom_padding=&#8221;||0px||false|false&#8221; global_module=&#8221;18813462&#8243; global_colors_info=&#8221;{}&#8221;][et_pb_row _builder_version=&#8221;4.25.1&#8243; _module_preset=&#8221;default&#8221; global_colors_info=&#8221;{}&#8221;][et_pb_column type=&#8221;4_4&#8243; _builder_version=&#8221;4.25.1&#8243; _module_preset=&#8221;default&#8221; global_colors_info=&#8221;{}&#8221;][et_pb_text _builder_version=&#8221;4.25.2&#8243; _module_preset=&#8221;default&#8221; text_font=&#8221;Marcellus||||||||&#8221; text_font_size=&#8221;20px&#8221; text_line_height=&#8221;2em&#8221; header_font=&#8221;Marcellus|700|||||||&#8221; header_text_align=&#8221;center&#8221; header_font_size=&#8221;3rem&#8221; text_orientation=&#8221;center&#8221; header_font_size_tablet=&#8221;3rem&#8221; header_font_size_phone=&#8221;2.5rem&#8221; header_font_size_last_edited=&#8221;on|phone&#8221; header_line_height_tablet=&#8221;1.3em&#8221; header_line_height_phone=&#8221;1.3em&#8221; header_line_height_last_edited=&#8221;on|tablet&#8221; global_colors_info=&#8221;{}&#8221;]<\/p>\n<h1 class=\"header-text text-3xl xl:text-5xl tracking-tight text-primary mb-4 lg:mb-9 mx-auto text-center\">KOMMER SNART<\/h1>\n<p>Nya dr\u00f6mfastigheter v\u00e4ntar runt h\u00f6rnet \u2013 h\u00e5ll utkik!<\/p>\n<p>[\/et_pb_text][\/et_pb_column][\/et_pb_row][\/et_pb_section][et_pb_section fb_built=&#8221;1&#8243; _builder_version=&#8221;4.27.4&#8243; _module_preset=&#8221;default&#8221; global_colors_info=&#8221;{}&#8221;][et_pb_row column_structure=&#8221;1_2,1_2&#8243; _builder_version=&#8221;4.27.4&#8243; _module_preset=&#8221;default&#8221; global_colors_info=&#8221;{}&#8221;][et_pb_column type=&#8221;1_2&#8243; _builder_version=&#8221;4.27.4&#8243; _module_preset=&#8221;default&#8221; global_colors_info=&#8221;{}&#8221;][et_pb_image src=&#8221;https:\/\/alamocostadelsol.com\/wp-content\/uploads\/2025\/09\/dji_fly_20250917_104156_676_1758199460028_photo_optimized-scaled.jpeg&#8221; title_text=&#8221;DCIM100MEDIADJI_0676.JPG&#8221; _builder_version=&#8221;4.27.4&#8243; _module_preset=&#8221;default&#8221; global_colors_info=&#8221;{}&#8221;][\/et_pb_image][et_pb_text _builder_version=&#8221;4.27.4&#8243; _module_preset=&#8221;default&#8221; global_colors_info=&#8221;{}&#8221;]<\/p>\n<h1 style=\"text-align: center;\"><strong>L\u00e4genhet i Rivieran<\/strong><\/h1>\n<p style=\"text-align: center;\">4 sovrum, 99 m<span>\u00b2 byggt<\/span><\/p>\n<p style=\"text-align: center;\">G\u00e5ngavst\u00e5nd till stranden<span><\/span><\/p>\n<p>&nbsp;<\/p>\n<p>[\/et_pb_text][\/et_pb_column][et_pb_column type=&#8221;1_2&#8243; _builder_version=&#8221;4.27.4&#8243; _module_preset=&#8221;default&#8221; global_colors_info=&#8221;{}&#8221;][et_pb_image src=&#8221;https:\/\/alamocostadelsol.com\/wp-content\/uploads\/2025\/09\/dji_fly_20250917_111730_677_1758201928427_photo_optimized-scaled.jpg&#8221; title_text=&#8221;DCIM100MEDIADJI_0677.JPG&#8221; _builder_version=&#8221;4.27.4&#8243; _module_preset=&#8221;default&#8221; global_colors_info=&#8221;{}&#8221;][\/et_pb_image][et_pb_text _builder_version=&#8221;4.27.4&#8243; _module_preset=&#8221;default&#8221; global_colors_info=&#8221;{}&#8221;]<\/p>\n<h1 style=\"text-align: center;\"><strong>L\u00e4genhet i Fuengirola<\/strong><\/h1>\n<p style=\"text-align: center;\">3 sovrum, 71 m<span>\u00b2 byggt, 27 m\u00b2 terrass<\/span><\/p>\n<p style=\"text-align: center;\"><span>Bra l\u00e4ge n\u00e4ra stranden och bekv\u00e4mligheter, bort fr\u00e5n liv.<\/span><\/p>\n<p>[\/et_pb_text][\/et_pb_column][\/et_pb_row][et_pb_row column_structure=&#8221;1_2,1_2&#8243; _builder_version=&#8221;4.27.4&#8243; _module_preset=&#8221;default&#8221; hover_enabled=&#8221;0&#8243; global_colors_info=&#8221;{}&#8221; sticky_enabled=&#8221;0&#8243;][et_pb_column type=&#8221;1_2&#8243; _builder_version=&#8221;4.27.4&#8243; _module_preset=&#8221;default&#8221; global_colors_info=&#8221;{}&#8221;][et_pb_image src=&#8221;https:\/\/alamocostadelsol.com\/wp-content\/uploads\/2025\/09\/DJI_0337-1-scaled.jpg&#8221; title_text=&#8221;DJI_0337&#8243; admin_label=&#8221;Coming Soon&#8221; _builder_version=&#8221;4.27.4&#8243; _module_preset=&#8221;default&#8221; global_colors_info=&#8221;{}&#8221;][\/et_pb_image][et_pb_text _builder_version=&#8221;4.27.4&#8243; _module_preset=&#8221;default&#8221; global_colors_info=&#8221;{}&#8221;]<\/p>\n<h1 style=\"text-align: center;\"><strong>Villa i Capellania<\/strong><\/h1>\n<p style=\"text-align: center;\">6 Sovrum<\/p>\n<p style=\"text-align: center;\">Fantastisk utsikt \u00f6ver havet och bukten<\/p>\n<p style=\"text-align: center;\">\n<p>[\/et_pb_text][\/et_pb_column][et_pb_column type=&#8221;1_2&#8243; _builder_version=&#8221;4.27.4&#8243; _module_preset=&#8221;default&#8221; global_colors_info=&#8221;{}&#8221;][et_pb_image src=&#8221;https:\/\/alamocostadelsol.com\/wp-content\/uploads\/2025\/09\/5-2-Medium-1.jpg&#8221; title_text=&#8221;5 (2) (Medel)&#8221; _builder_version=&#8221;4.27.4&#8243; _module_preset=&#8221;default&#8221; global_colors_info=&#8221;{}&#8221;][\/et_pb_image][et_pb_text _builder_version=&#8221;4.27.4&#8243; _module_preset=&#8221;default&#8221; global_colors_info=&#8221;{}&#8221;]<\/p>\n<h1 style=\"text-align: center;\"><strong>Villa i Torreblanca<\/strong><\/h1>\n<p style=\"text-align: center;\">4 sovrum<\/p>\n<p style=\"text-align: center;\">Panoramautsikt<\/p>\n<p>[\/et_pb_text][\/et_pb_column][\/et_pb_row][et_pb_row _builder_version=&#8221;4.27.4&#8243; _module_preset=&#8221;default&#8221; custom_padding=&#8221;0px|||||&#8221; global_colors_info=&#8221;{}&#8221;][et_pb_column type=&#8221;4_4&#8243; _builder_version=&#8221;4.27.4&#8243; _module_preset=&#8221;default&#8221; global_colors_info=&#8221;{}&#8221;][et_pb_button button_url=&#8221;@ET-DC@eyJkeW5hbWljIjp0cnVlLCJjb250ZW50IjoicG9zdF9saW5rX3VybF9wYWdlIiwic2V0dGluZ3MiOnsicG9zdF9pZCI6IjIxOSIsImVuYWJsZV9odG1sIjoib2ZmIn19@&#8221; button_text=&#8221;Kontakta nu&#8221; button_alignment=&#8221;center&#8221; _builder_version=&#8221;4.27.4&#8243; _dynamic_attributes=&#8221;button_url&#8221; _module_preset=&#8221;default&#8221; global_colors_info=&#8221;{}&#8221;][\/et_pb_button][\/et_pb_column][\/et_pb_row][\/et_pb_section]<\/p>\n","protected":false},"excerpt":{"rendered":"<p>KOMMER SNART Nya dr\u00f6mfastigheter v\u00e4ntar runt h\u00f6rnet \u2013 h\u00e5ll utkik!L\u00e4genhet i Rivieran 4 sovrum, 99 m\u00b2 byggt G\u00e5ngavst\u00e5nd till stranden &nbsp;L\u00e4genhet i Fuengirola 3 sovrum, 71 m\u00b2 byggt, 27 m\u00b2 terrass Bra l\u00e4ge n\u00e4ra stranden och bekv\u00e4mligheter, bort fr\u00e5n liv.Villa i Capellania 6 Sovrum Fantastisk utsikt \u00f6ver havet och bukten Villa i Torreblanca 4 sovrum [&hellip;]<\/p>\n","protected":false},"author":3,"featured_media":0,"parent":0,"menu_order":0,"comment_status":"closed","ping_status":"closed","template":"","meta":{"_et_pb_use_builder":"on","_et_pb_old_content":"","_et_gb_content_width":"","footnotes":""},"dipi_cpt_category":[],"class_list":["post-18813548","page","type-page","status-publish","hentry"],"yoast_head":"<!-- This site is optimized with the Yoast SEO plugin v25.8 - https:\/\/yoast.com\/wordpress\/plugins\/seo\/ -->\n<title>Snart Kommande Fastigheter p\u00e5 Costa del Sol | Alamo Fastigheter<\/title>\n<meta name=\"description\" content=\"Uppt\u00e4ck kommande fastigheter p\u00e5 Costa del Sol. F\u00e5 tidig tillg\u00e5ng till l\u00e4genheter och villor utanf\u00f6r marknaden innan de officiellt listas.\" \/>\n<meta name=\"robots\" content=\"index, follow, max-snippet:-1, max-image-preview:large, max-video-preview:-1\" \/>\n<link rel=\"canonical\" href=\"https:\/\/alamocostadelsol.com\/sv\/kommer-snart\" \/>\n<meta property=\"og:locale\" content=\"sv_SE\" \/>\n<meta property=\"og:type\" content=\"article\" \/>\n<meta property=\"og:title\" content=\"Snart Kommande Fastigheter p\u00e5 Costa del Sol | Alamo Fastigheter\" \/>\n<meta property=\"og:description\" content=\"Uppt\u00e4ck kommande fastigheter p\u00e5 Costa del Sol. F\u00e5 tidig tillg\u00e5ng till l\u00e4genheter och villor utanf\u00f6r marknaden innan de officiellt listas.\" \/>\n<meta property=\"og:url\" content=\"https:\/\/alamocostadelsol.com\/sv\/kommer-snart\" \/>\n<meta property=\"og:site_name\" content=\"Alamo - makes your dream come true at costa del sol\" \/>\n<meta property=\"article:publisher\" content=\"https:\/\/www.facebook.com\/alamocostadelsol\" \/>\n<meta property=\"article:modified_time\" content=\"2026-01-12T15:41:06+00:00\" \/>\n<meta name=\"twitter:card\" content=\"summary_large_image\" \/>\n<meta name=\"twitter:label1\" content=\"Ber\u00e4knad l\u00e4stid\" \/>\n\t<meta name=\"twitter:data1\" content=\"3 minuter\" \/>\n<script type=\"application\/ld+json\" class=\"yoast-schema-graph\">{\"@context\":\"https:\/\/schema.org\",\"@graph\":[{\"@type\":\"WebPage\",\"@id\":\"https:\/\/alamocostadelsol.com\/sv\/kommer-snart\",\"url\":\"https:\/\/alamocostadelsol.com\/sv\/kommer-snart\",\"name\":\"Snart Kommande Fastigheter p\u00e5 Costa del Sol | Alamo Fastigheter\",\"isPartOf\":{\"@id\":\"https:\/\/alamocostadelsol.com\/sv#website\"},\"datePublished\":\"2025-09-18T09:06:51+00:00\",\"dateModified\":\"2026-01-12T15:41:06+00:00\",\"description\":\"Uppt\u00e4ck kommande fastigheter p\u00e5 Costa del Sol. F\u00e5 tidig tillg\u00e5ng till l\u00e4genheter och villor utanf\u00f6r marknaden innan de officiellt listas.\",\"breadcrumb\":{\"@id\":\"https:\/\/alamocostadelsol.com\/sv\/kommer-snart#breadcrumb\"},\"inLanguage\":\"sv-SE\",\"potentialAction\":[{\"@type\":\"ReadAction\",\"target\":[\"https:\/\/alamocostadelsol.com\/sv\/kommer-snart\"]}]},{\"@type\":\"BreadcrumbList\",\"@id\":\"https:\/\/alamocostadelsol.com\/sv\/kommer-snart#breadcrumb\",\"itemListElement\":[{\"@type\":\"ListItem\",\"position\":1,\"name\":\"Home\",\"item\":\"https:\/\/alamocostadelsol.com\/sv\"},{\"@type\":\"ListItem\",\"position\":2,\"name\":\"Kommer snart\"}]},{\"@type\":\"WebSite\",\"@id\":\"https:\/\/alamocostadelsol.com\/sv#website\",\"url\":\"https:\/\/alamocostadelsol.com\/sv\",\"name\":\"Alamo - makes your dream come true at costa del sol\",\"description\":\"\",\"publisher\":{\"@id\":\"https:\/\/alamocostadelsol.com\/sv#organization\"},\"potentialAction\":[{\"@type\":\"SearchAction\",\"target\":{\"@type\":\"EntryPoint\",\"urlTemplate\":\"https:\/\/alamocostadelsol.com\/sv?s={search_term_string}\"},\"query-input\":{\"@type\":\"PropertyValueSpecification\",\"valueRequired\":true,\"valueName\":\"search_term_string\"}}],\"inLanguage\":\"sv-SE\"},{\"@type\":\"Organization\",\"@id\":\"https:\/\/alamocostadelsol.com\/sv#organization\",\"name\":\"Alamo - makes your dream come true at costa del sol\",\"url\":\"https:\/\/alamocostadelsol.com\/sv\",\"logo\":{\"@type\":\"ImageObject\",\"inLanguage\":\"sv-SE\",\"@id\":\"https:\/\/alamocostadelsol.com\/sv#\/schema\/logo\/image\/\",\"url\":\"https:\/\/alamocostadelsol.com\/wp-content\/uploads\/2024\/05\/alamo-costa-del-sol-logotype.png\",\"contentUrl\":\"https:\/\/alamocostadelsol.com\/wp-content\/uploads\/2024\/05\/alamo-costa-del-sol-logotype.png\",\"width\":773,\"height\":170,\"caption\":\"Alamo - makes your dream come true at costa del sol\"},\"image\":{\"@id\":\"https:\/\/alamocostadelsol.com\/sv#\/schema\/logo\/image\/\"},\"sameAs\":[\"https:\/\/www.facebook.com\/alamocostadelsol\",\"https:\/\/www.instagram.com\/alamocostadelsol\/\"]}]}<\/script>\n<!-- \/ Yoast SEO plugin. -->","yoast_head_json":{"title":"Snart Kommande Fastigheter p\u00e5 Costa del Sol | Alamo Fastigheter","description":"Uppt\u00e4ck kommande fastigheter p\u00e5 Costa del Sol. F\u00e5 tidig tillg\u00e5ng till l\u00e4genheter och villor utanf\u00f6r marknaden innan de officiellt listas.","robots":{"index":"index","follow":"follow","max-snippet":"max-snippet:-1","max-image-preview":"max-image-preview:large","max-video-preview":"max-video-preview:-1"},"canonical":"https:\/\/alamocostadelsol.com\/sv\/kommer-snart","og_locale":"sv_SE","og_type":"article","og_title":"Snart Kommande Fastigheter p\u00e5 Costa del Sol | Alamo Fastigheter","og_description":"Uppt\u00e4ck kommande fastigheter p\u00e5 Costa del Sol. F\u00e5 tidig tillg\u00e5ng till l\u00e4genheter och villor utanf\u00f6r marknaden innan de officiellt listas.","og_url":"https:\/\/alamocostadelsol.com\/sv\/kommer-snart","og_site_name":"Alamo - makes your dream come true at costa del sol","article_publisher":"https:\/\/www.facebook.com\/alamocostadelsol","article_modified_time":"2026-01-12T15:41:06+00:00","twitter_card":"summary_large_image","twitter_misc":{"Ber\u00e4knad l\u00e4stid":"3 minuter"},"schema":{"@context":"https:\/\/schema.org","@graph":[{"@type":"WebPage","@id":"https:\/\/alamocostadelsol.com\/sv\/kommer-snart","url":"https:\/\/alamocostadelsol.com\/sv\/kommer-snart","name":"Snart Kommande Fastigheter p\u00e5 Costa del Sol | Alamo Fastigheter","isPartOf":{"@id":"https:\/\/alamocostadelsol.com\/sv#website"},"datePublished":"2025-09-18T09:06:51+00:00","dateModified":"2026-01-12T15:41:06+00:00","description":"Uppt\u00e4ck kommande fastigheter p\u00e5 Costa del Sol. F\u00e5 tidig tillg\u00e5ng till l\u00e4genheter och villor utanf\u00f6r marknaden innan de officiellt listas.","breadcrumb":{"@id":"https:\/\/alamocostadelsol.com\/sv\/kommer-snart#breadcrumb"},"inLanguage":"sv-SE","potentialAction":[{"@type":"ReadAction","target":["https:\/\/alamocostadelsol.com\/sv\/kommer-snart"]}]},{"@type":"BreadcrumbList","@id":"https:\/\/alamocostadelsol.com\/sv\/kommer-snart#breadcrumb","itemListElement":[{"@type":"ListItem","position":1,"name":"Home","item":"https:\/\/alamocostadelsol.com\/sv"},{"@type":"ListItem","position":2,"name":"Kommer snart"}]},{"@type":"WebSite","@id":"https:\/\/alamocostadelsol.com\/sv#website","url":"https:\/\/alamocostadelsol.com\/sv","name":"Alamo - makes your dream come true at costa del sol","description":"","publisher":{"@id":"https:\/\/alamocostadelsol.com\/sv#organization"},"potentialAction":[{"@type":"SearchAction","target":{"@type":"EntryPoint","urlTemplate":"https:\/\/alamocostadelsol.com\/sv?s={search_term_string}"},"query-input":{"@type":"PropertyValueSpecification","valueRequired":true,"valueName":"search_term_string"}}],"inLanguage":"sv-SE"},{"@type":"Organization","@id":"https:\/\/alamocostadelsol.com\/sv#organization","name":"Alamo - makes your dream come true at costa del sol","url":"https:\/\/alamocostadelsol.com\/sv","logo":{"@type":"ImageObject","inLanguage":"sv-SE","@id":"https:\/\/alamocostadelsol.com\/sv#\/schema\/logo\/image\/","url":"https:\/\/alamocostadelsol.com\/wp-content\/uploads\/2024\/05\/alamo-costa-del-sol-logotype.png","contentUrl":"https:\/\/alamocostadelsol.com\/wp-content\/uploads\/2024\/05\/alamo-costa-del-sol-logotype.png","width":773,"height":170,"caption":"Alamo - makes your dream come true at costa del sol"},"image":{"@id":"https:\/\/alamocostadelsol.com\/sv#\/schema\/logo\/image\/"},"sameAs":["https:\/\/www.facebook.com\/alamocostadelsol","https:\/\/www.instagram.com\/alamocostadelsol\/"]}]}},"_links":{"self":[{"href":"https:\/\/alamocostadelsol.com\/sv\/wp-json\/wp\/v2\/pages\/18813548","targetHints":{"allow":["GET"]}}],"collection":[{"href":"https:\/\/alamocostadelsol.com\/sv\/wp-json\/wp\/v2\/pages"}],"about":[{"href":"https:\/\/alamocostadelsol.com\/sv\/wp-json\/wp\/v2\/types\/page"}],"author":[{"embeddable":true,"href":"https:\/\/alamocostadelsol.com\/sv\/wp-json\/wp\/v2\/users\/3"}],"replies":[{"embeddable":true,"href":"https:\/\/alamocostadelsol.com\/sv\/wp-json\/wp\/v2\/comments?post=18813548"}],"version-history":[{"count":14,"href":"https:\/\/alamocostadelsol.com\/sv\/wp-json\/wp\/v2\/pages\/18813548\/revisions"}],"predecessor-version":[{"id":18814476,"href":"https:\/\/alamocostadelsol.com\/sv\/wp-json\/wp\/v2\/pages\/18813548\/revisions\/18814476"}],"wp:attachment":[{"href":"https:\/\/alamocostadelsol.com\/sv\/wp-json\/wp\/v2\/media?parent=18813548"}],"wp:term":[{"taxonomy":"dipi_cpt_category","embeddable":true,"href":"https:\/\/alamocostadelsol.com\/sv\/wp-json\/wp\/v2\/dipi_cpt_category?post=18813548"}],"curies":[{"name":"wp","href":"https:\/\/api.w.org\/{rel}","templated":true}]}}