{"id":18816052,"date":"2025-09-18T11:06:51","date_gmt":"2025-09-18T09:06:51","guid":{"rendered":"https:\/\/alamocostadelsol.com\/a-venir"},"modified":"2026-01-29T14:32:35","modified_gmt":"2026-01-29T13:32:35","slug":"a-venir","status":"publish","type":"page","link":"https:\/\/alamocostadelsol.com\/fr\/a-venir","title":{"rendered":"\u00c0 venir"},"content":{"rendered":"<p>[et_pb_section fb_built=\u00a0\u00bb1&Prime; _builder_version=\u00a0\u00bb4.25.1&Prime; _module_preset=\u00a0\u00bbdefault\u00a0\u00bb background_color=\u00a0\u00bb#f9f9f9&Prime; custom_padding=\u00a0\u00bb||0px||false|false\u00a0\u00bb global_module=\u00a0\u00bb18813462&Prime; global_colors_info=\u00a0\u00bb{}\u00a0\u00bb][et_pb_row _builder_version=\u00a0\u00bb4.25.1&Prime; _module_preset=\u00a0\u00bbdefault\u00a0\u00bb global_colors_info=\u00a0\u00bb{}\u00a0\u00bb][et_pb_column type=\u00a0\u00bb4_4&Prime; _builder_version=\u00a0\u00bb4.25.1&Prime; _module_preset=\u00a0\u00bbdefault\u00a0\u00bb global_colors_info=\u00a0\u00bb{}\u00a0\u00bb][et_pb_text _builder_version=\u00a0\u00bb4.25.2&Prime; _module_preset=\u00a0\u00bbdefault\u00a0\u00bb text_font=\u00a0\u00bbMarcellus||||||||\u00a0\u00bb text_font_size=\u00a0\u00bb20px\u00a0\u00bb text_line_height=\u00a0\u00bb2em\u00a0\u00bb header_font=\u00a0\u00bbMarcellus|700|||||||\u00a0\u00bb header_text_align=\u00a0\u00bbcenter\u00a0\u00bb header_font_size=\u00a0\u00bb3rem\u00a0\u00bb text_orientation=\u00a0\u00bbcenter\u00a0\u00bb header_font_size_tablet=\u00a0\u00bb3rem\u00a0\u00bb header_font_size_phone=\u00a0\u00bb2.5rem\u00a0\u00bb header_font_size_last_edited=\u00a0\u00bbon|phone\u00a0\u00bb header_line_height_tablet=\u00a0\u00bb1.3em\u00a0\u00bb header_line_height_phone=\u00a0\u00bb1.3em\u00a0\u00bb header_line_height_last_edited=\u00a0\u00bbon|tablet\u00a0\u00bb global_colors_info=\u00a0\u00bb{}\u00a0\u00bb]<\/p>\n<h1 class=\"header-text text-3xl xl:text-5xl tracking-tight text-primary mb-4 lg:mb-9 mx-auto text-center\">\u00c0 VENIR<\/h1>\n<p>De nouvelles propri\u00e9t\u00e9s de r\u00eave sont \u00e0 port\u00e9e de main \u2013 restez \u00e0 l\u2019\u00e9coute !<\/p>\n<p>[\/et_pb_text][\/et_pb_column][\/et_pb_row][\/et_pb_section][et_pb_section fb_built=\u00a0\u00bb1&Prime; _builder_version=\u00a0\u00bb4.27.4&Prime; _module_preset=\u00a0\u00bbdefault\u00a0\u00bb global_colors_info=\u00a0\u00bb{}\u00a0\u00bb][et_pb_row column_structure=\u00a0\u00bb1_2,1_2&Prime; _builder_version=\u00a0\u00bb4.27.4&Prime; _module_preset=\u00a0\u00bbdefault\u00a0\u00bb global_colors_info=\u00a0\u00bb{}\u00a0\u00bb][et_pb_column type=\u00a0\u00bb1_2&Prime; _builder_version=\u00a0\u00bb4.27.4&Prime; _module_preset=\u00a0\u00bbdefault\u00a0\u00bb global_colors_info=\u00a0\u00bb{}\u00a0\u00bb][et_pb_image src=\u00a0\u00bbhttps:\/\/alamocostadelsol.com\/wp-content\/uploads\/2025\/09\/dji_fly_20250917_104156_676_1758199460028_photo_optimized-scaled.jpeg\u00a0\u00bb title_text=\u00a0\u00bbDCIM100MEDIADJI_0676.JPG\u00a0\u00bb _builder_version=\u00a0\u00bb4.27.4&Prime; _module_preset=\u00a0\u00bbdefault\u00a0\u00bb global_colors_info=\u00a0\u00bb{}\u00a0\u00bb][\/et_pb_image][et_pb_text _builder_version=\u00a0\u00bb4.27.4&Prime; _module_preset=\u00a0\u00bbdefault\u00a0\u00bb global_colors_info=\u00a0\u00bb{}\u00a0\u00bb]<\/p>\n<h1 style=\"text-align: center;\"><strong>Appartement \u00e0 Riviera<\/strong><\/h1>\n<p style=\"text-align: center;\">4 chambres, 99 <span>m\u00b2 construits<\/span><\/p>\n<p style=\"text-align: center;\">Distance de marche de la plage<span><\/span><\/p>\n<p>&nbsp;<\/p>\n<p>[\/et_pb_text][\/et_pb_column][et_pb_column type=\u00a0\u00bb1_2&Prime; _builder_version=\u00a0\u00bb4.27.4&Prime; _module_preset=\u00a0\u00bbdefault\u00a0\u00bb global_colors_info=\u00a0\u00bb{}\u00a0\u00bb][et_pb_image src=\u00a0\u00bbhttps:\/\/alamocostadelsol.com\/wp-content\/uploads\/2025\/09\/dji_fly_20250917_111730_677_1758201928427_photo_optimized-scaled.jpg\u00a0\u00bb title_text=\u00a0\u00bbDCIM100MEDIADJI_0677.JPG\u00a0\u00bb _builder_version=\u00a0\u00bb4.27.4&Prime; _module_preset=\u00a0\u00bbdefault\u00a0\u00bb global_colors_info=\u00a0\u00bb{}\u00a0\u00bb][\/et_pb_image][et_pb_text _builder_version=\u00a0\u00bb4.27.4&Prime; _module_preset=\u00a0\u00bbdefault\u00a0\u00bb global_colors_info=\u00a0\u00bb{}\u00a0\u00bb]<\/p>\n<h1 style=\"text-align: center;\"><strong>Appartement \u00e0 Fuengirola<\/strong><\/h1>\n<p style=\"text-align: center;\">3 chambres, 71 <span>m\u00b2 construits, 27 m\u00b2 en terrasse<\/span><\/p>\n<p style=\"text-align: center;\"><span>Super emplacement pr\u00e8s de la plage et des commodit\u00e9s, loin de l\u2019agitation.<\/span><\/p>\n<p>[\/et_pb_text][\/et_pb_column][\/et_pb_row][et_pb_row column_structure=\u00a0\u00bb1_2,1_2&Prime; _builder_version=\u00a0\u00bb4.27.4&Prime; _module_preset=\u00a0\u00bbdefault\u00a0\u00bb hover_enabled=\u00a0\u00bb0&Prime; global_colors_info=\u00a0\u00bb{}\u00a0\u00bb sticky_enabled=\u00a0\u00bb0&Prime;][et_pb_column type=\u00a0\u00bb1_2&Prime; _builder_version=\u00a0\u00bb4.27.4&Prime; _module_preset=\u00a0\u00bbdefault\u00a0\u00bb global_colors_info=\u00a0\u00bb{}\u00a0\u00bb][et_pb_image src=\u00a0\u00bbhttps:\/\/alamocostadelsol.com\/wp-content\/uploads\/2025\/09\/DJI_0337-1-scaled.jpg\u00a0\u00bb title_text=\u00a0\u00bbDJI_0337&Prime; admin_label=\u00a0\u00bbComing Soon\u00a0\u00bb _builder_version=\u00a0\u00bb4.27.4&Prime; _module_preset=\u00a0\u00bbdefault\u00a0\u00bb global_colors_info=\u00a0\u00bb{}\u00a0\u00bb][\/et_pb_image][et_pb_text _builder_version=\u00a0\u00bb4.27.4&Prime; _module_preset=\u00a0\u00bbdefault\u00a0\u00bb global_colors_info=\u00a0\u00bb{}\u00a0\u00bb]<\/p>\n<h1 style=\"text-align: center;\"><strong>Villa en Capellania<\/strong><\/h1>\n<p style=\"text-align: center;\">6 chambres<\/p>\n<p style=\"text-align: center;\">Vue \u00e9poustouflante sur la mer et la baie<\/p>\n<p style=\"text-align: center;\">\n<p>[\/et_pb_text][\/et_pb_column][et_pb_column type=\u00a0\u00bb1_2&Prime; _builder_version=\u00a0\u00bb4.27.4&Prime; _module_preset=\u00a0\u00bbdefault\u00a0\u00bb global_colors_info=\u00a0\u00bb{}\u00a0\u00bb][et_pb_image src=\u00a0\u00bbhttps:\/\/alamocostadelsol.com\/wp-content\/uploads\/2025\/09\/5-2-Medium-1.jpg\u00a0\u00bb title_text=\u00a0\u00bb5 (2) (Moyen)\u00a0\u00bb _builder_version=\u00a0\u00bb4.27.4&Prime; _module_preset=\u00a0\u00bbdefault\u00a0\u00bb global_colors_info=\u00a0\u00bb{}\u00a0\u00bb][\/et_pb_image][et_pb_text _builder_version=\u00a0\u00bb4.27.4&Prime; _module_preset=\u00a0\u00bbdefault\u00a0\u00bb global_colors_info=\u00a0\u00bb{}\u00a0\u00bb]<\/p>\n<h1 style=\"text-align: center;\"><strong>Villa \u00e0 Torreblanca<\/strong><\/h1>\n<p style=\"text-align: center;\">4 chambres<\/p>\n<p style=\"text-align: center;\">Panoramiques<\/p>\n<p>[\/et_pb_text][\/et_pb_column][\/et_pb_row][et_pb_row _builder_version=\u00a0\u00bb4.27.4&Prime; _module_preset=\u00a0\u00bbdefault\u00a0\u00bb custom_padding=\u00a0\u00bb0px|||||\u00a0\u00bb global_colors_info=\u00a0\u00bb{}\u00a0\u00bb][et_pb_column type=\u00a0\u00bb4_4&Prime; _builder_version=\u00a0\u00bb4.27.4&Prime; _module_preset=\u00a0\u00bbdefault\u00a0\u00bb global_colors_info=\u00a0\u00bb{}\u00a0\u00bb][et_pb_button button_url=\u00a0\u00bb@ET-DC@eyJkeW5hbWljIjp0cnVlLCJjb250ZW50IjoicG9zdF9saW5rX3VybF9wYWdlIiwic2V0dGluZ3MiOnsicG9zdF9pZCI6IjIxOSIsImVuYWJsZV9odG1sIjoib2ZmIn19@\u00a0\u00bb button_text=\u00a0\u00bbContactez maintenant\u00a0\u00bb button_alignment=\u00a0\u00bbcenter\u00a0\u00bb _builder_version=\u00a0\u00bb4.27.4&Prime; _dynamic_attributes=\u00a0\u00bbbutton_url\u00a0\u00bb _module_preset=\u00a0\u00bbdefault\u00a0\u00bb global_colors_info=\u00a0\u00bb{}\u00a0\u00bb][\/et_pb_button][\/et_pb_column][\/et_pb_row][\/et_pb_section]<\/p>\n","protected":false},"excerpt":{"rendered":"<p>\u00c0 VENIR De nouvelles propri\u00e9t\u00e9s de r\u00eave sont \u00e0 port\u00e9e de main \u2013 restez \u00e0 l\u2019\u00e9coute !Appartement \u00e0 Riviera 4 chambres, 99 m\u00b2 construits Distance de marche de la plage &nbsp;Appartement \u00e0 Fuengirola 3 chambres, 71 m\u00b2 construits, 27 m\u00b2 en terrasse Super emplacement pr\u00e8s de la plage et des commodit\u00e9s, loin de l\u2019agitation.Villa en [&hellip;]<\/p>\n","protected":false},"author":3,"featured_media":0,"parent":0,"menu_order":0,"comment_status":"closed","ping_status":"closed","template":"","meta":{"_et_pb_use_builder":"on","_et_pb_old_content":"","_et_gb_content_width":"","footnotes":""},"dipi_cpt_category":[],"class_list":["post-18816052","page","type-page","status-publish","hentry"],"yoast_head":"<!-- This site is optimized with the Yoast SEO plugin v25.8 - https:\/\/yoast.com\/wordpress\/plugins\/seo\/ -->\n<title>Bient\u00f4t Propri\u00e9t\u00e9s sur la Costa del Sol | Immobilier \u00e0 Alamo<\/title>\n<meta name=\"description\" content=\"D\u00e9couvrez bient\u00f4t les propri\u00e9t\u00e9s \u00e0 venir sur la Costa del Sol. Obtenez un acc\u00e8s anticip\u00e9 aux appartements et villas hors march\u00e9 avant qu\u2019ils ne soient officiellement mis en vente.\" \/>\n<meta name=\"robots\" content=\"index, follow, max-snippet:-1, max-image-preview:large, max-video-preview:-1\" \/>\n<link rel=\"canonical\" href=\"https:\/\/alamocostadelsol.com\/fr\/a-venir\" \/>\n<meta property=\"og:locale\" content=\"fr_FR\" \/>\n<meta property=\"og:type\" content=\"article\" \/>\n<meta property=\"og:title\" content=\"Bient\u00f4t Propri\u00e9t\u00e9s sur la Costa del Sol | Immobilier \u00e0 Alamo\" \/>\n<meta property=\"og:description\" content=\"D\u00e9couvrez bient\u00f4t les propri\u00e9t\u00e9s \u00e0 venir sur la Costa del Sol. Obtenez un acc\u00e8s anticip\u00e9 aux appartements et villas hors march\u00e9 avant qu\u2019ils ne soient officiellement mis en vente.\" \/>\n<meta property=\"og:url\" content=\"https:\/\/alamocostadelsol.com\/fr\/a-venir\" \/>\n<meta property=\"og:site_name\" content=\"Alamo - makes your dream come true at costa del sol\" \/>\n<meta property=\"article:publisher\" content=\"https:\/\/www.facebook.com\/alamocostadelsol\" \/>\n<meta property=\"article:modified_time\" content=\"2026-01-29T13:32:35+00:00\" \/>\n<meta name=\"twitter:card\" content=\"summary_large_image\" \/>\n<meta name=\"twitter:label1\" content=\"Dur\u00e9e de lecture estim\u00e9e\" \/>\n\t<meta name=\"twitter:data1\" content=\"3 minutes\" \/>\n<script type=\"application\/ld+json\" class=\"yoast-schema-graph\">{\"@context\":\"https:\/\/schema.org\",\"@graph\":[{\"@type\":\"WebPage\",\"@id\":\"https:\/\/alamocostadelsol.com\/fr\/a-venir\",\"url\":\"https:\/\/alamocostadelsol.com\/fr\/a-venir\",\"name\":\"Bient\u00f4t Propri\u00e9t\u00e9s sur la Costa del Sol | Immobilier \u00e0 Alamo\",\"isPartOf\":{\"@id\":\"https:\/\/alamocostadelsol.com\/fr#website\"},\"datePublished\":\"2025-09-18T09:06:51+00:00\",\"dateModified\":\"2026-01-29T13:32:35+00:00\",\"description\":\"D\u00e9couvrez bient\u00f4t les propri\u00e9t\u00e9s \u00e0 venir sur la Costa del Sol. Obtenez un acc\u00e8s anticip\u00e9 aux appartements et villas hors march\u00e9 avant qu\u2019ils ne soient officiellement mis en vente.\",\"breadcrumb\":{\"@id\":\"https:\/\/alamocostadelsol.com\/fr\/a-venir#breadcrumb\"},\"inLanguage\":\"fr-FR\",\"potentialAction\":[{\"@type\":\"ReadAction\",\"target\":[\"https:\/\/alamocostadelsol.com\/fr\/a-venir\"]}]},{\"@type\":\"BreadcrumbList\",\"@id\":\"https:\/\/alamocostadelsol.com\/fr\/a-venir#breadcrumb\",\"itemListElement\":[{\"@type\":\"ListItem\",\"position\":1,\"name\":\"Home\",\"item\":\"https:\/\/alamocostadelsol.com\/fr\"},{\"@type\":\"ListItem\",\"position\":2,\"name\":\"\u00c0 venir\"}]},{\"@type\":\"WebSite\",\"@id\":\"https:\/\/alamocostadelsol.com\/fr#website\",\"url\":\"https:\/\/alamocostadelsol.com\/fr\",\"name\":\"Alamo - makes your dream come true at costa del sol\",\"description\":\"\",\"publisher\":{\"@id\":\"https:\/\/alamocostadelsol.com\/fr#organization\"},\"potentialAction\":[{\"@type\":\"SearchAction\",\"target\":{\"@type\":\"EntryPoint\",\"urlTemplate\":\"https:\/\/alamocostadelsol.com\/fr?s={search_term_string}\"},\"query-input\":{\"@type\":\"PropertyValueSpecification\",\"valueRequired\":true,\"valueName\":\"search_term_string\"}}],\"inLanguage\":\"fr-FR\"},{\"@type\":\"Organization\",\"@id\":\"https:\/\/alamocostadelsol.com\/fr#organization\",\"name\":\"Alamo - makes your dream come true at costa del sol\",\"url\":\"https:\/\/alamocostadelsol.com\/fr\",\"logo\":{\"@type\":\"ImageObject\",\"inLanguage\":\"fr-FR\",\"@id\":\"https:\/\/alamocostadelsol.com\/fr#\/schema\/logo\/image\/\",\"url\":\"https:\/\/alamocostadelsol.com\/wp-content\/uploads\/2024\/05\/alamo-costa-del-sol-logotype.png\",\"contentUrl\":\"https:\/\/alamocostadelsol.com\/wp-content\/uploads\/2024\/05\/alamo-costa-del-sol-logotype.png\",\"width\":773,\"height\":170,\"caption\":\"Alamo - makes your dream come true at costa del sol\"},\"image\":{\"@id\":\"https:\/\/alamocostadelsol.com\/fr#\/schema\/logo\/image\/\"},\"sameAs\":[\"https:\/\/www.facebook.com\/alamocostadelsol\",\"https:\/\/www.instagram.com\/alamocostadelsol\/\"]}]}<\/script>\n<!-- \/ Yoast SEO plugin. -->","yoast_head_json":{"title":"Bient\u00f4t Propri\u00e9t\u00e9s sur la Costa del Sol | Immobilier \u00e0 Alamo","description":"D\u00e9couvrez bient\u00f4t les propri\u00e9t\u00e9s \u00e0 venir sur la Costa del Sol. Obtenez un acc\u00e8s anticip\u00e9 aux appartements et villas hors march\u00e9 avant qu\u2019ils ne soient officiellement mis en vente.","robots":{"index":"index","follow":"follow","max-snippet":"max-snippet:-1","max-image-preview":"max-image-preview:large","max-video-preview":"max-video-preview:-1"},"canonical":"https:\/\/alamocostadelsol.com\/fr\/a-venir","og_locale":"fr_FR","og_type":"article","og_title":"Bient\u00f4t Propri\u00e9t\u00e9s sur la Costa del Sol | Immobilier \u00e0 Alamo","og_description":"D\u00e9couvrez bient\u00f4t les propri\u00e9t\u00e9s \u00e0 venir sur la Costa del Sol. Obtenez un acc\u00e8s anticip\u00e9 aux appartements et villas hors march\u00e9 avant qu\u2019ils ne soient officiellement mis en vente.","og_url":"https:\/\/alamocostadelsol.com\/fr\/a-venir","og_site_name":"Alamo - makes your dream come true at costa del sol","article_publisher":"https:\/\/www.facebook.com\/alamocostadelsol","article_modified_time":"2026-01-29T13:32:35+00:00","twitter_card":"summary_large_image","twitter_misc":{"Dur\u00e9e de lecture estim\u00e9e":"3 minutes"},"schema":{"@context":"https:\/\/schema.org","@graph":[{"@type":"WebPage","@id":"https:\/\/alamocostadelsol.com\/fr\/a-venir","url":"https:\/\/alamocostadelsol.com\/fr\/a-venir","name":"Bient\u00f4t Propri\u00e9t\u00e9s sur la Costa del Sol | Immobilier \u00e0 Alamo","isPartOf":{"@id":"https:\/\/alamocostadelsol.com\/fr#website"},"datePublished":"2025-09-18T09:06:51+00:00","dateModified":"2026-01-29T13:32:35+00:00","description":"D\u00e9couvrez bient\u00f4t les propri\u00e9t\u00e9s \u00e0 venir sur la Costa del Sol. Obtenez un acc\u00e8s anticip\u00e9 aux appartements et villas hors march\u00e9 avant qu\u2019ils ne soient officiellement mis en vente.","breadcrumb":{"@id":"https:\/\/alamocostadelsol.com\/fr\/a-venir#breadcrumb"},"inLanguage":"fr-FR","potentialAction":[{"@type":"ReadAction","target":["https:\/\/alamocostadelsol.com\/fr\/a-venir"]}]},{"@type":"BreadcrumbList","@id":"https:\/\/alamocostadelsol.com\/fr\/a-venir#breadcrumb","itemListElement":[{"@type":"ListItem","position":1,"name":"Home","item":"https:\/\/alamocostadelsol.com\/fr"},{"@type":"ListItem","position":2,"name":"\u00c0 venir"}]},{"@type":"WebSite","@id":"https:\/\/alamocostadelsol.com\/fr#website","url":"https:\/\/alamocostadelsol.com\/fr","name":"Alamo - makes your dream come true at costa del sol","description":"","publisher":{"@id":"https:\/\/alamocostadelsol.com\/fr#organization"},"potentialAction":[{"@type":"SearchAction","target":{"@type":"EntryPoint","urlTemplate":"https:\/\/alamocostadelsol.com\/fr?s={search_term_string}"},"query-input":{"@type":"PropertyValueSpecification","valueRequired":true,"valueName":"search_term_string"}}],"inLanguage":"fr-FR"},{"@type":"Organization","@id":"https:\/\/alamocostadelsol.com\/fr#organization","name":"Alamo - makes your dream come true at costa del sol","url":"https:\/\/alamocostadelsol.com\/fr","logo":{"@type":"ImageObject","inLanguage":"fr-FR","@id":"https:\/\/alamocostadelsol.com\/fr#\/schema\/logo\/image\/","url":"https:\/\/alamocostadelsol.com\/wp-content\/uploads\/2024\/05\/alamo-costa-del-sol-logotype.png","contentUrl":"https:\/\/alamocostadelsol.com\/wp-content\/uploads\/2024\/05\/alamo-costa-del-sol-logotype.png","width":773,"height":170,"caption":"Alamo - makes your dream come true at costa del sol"},"image":{"@id":"https:\/\/alamocostadelsol.com\/fr#\/schema\/logo\/image\/"},"sameAs":["https:\/\/www.facebook.com\/alamocostadelsol","https:\/\/www.instagram.com\/alamocostadelsol\/"]}]}},"_links":{"self":[{"href":"https:\/\/alamocostadelsol.com\/fr\/wp-json\/wp\/v2\/pages\/18816052","targetHints":{"allow":["GET"]}}],"collection":[{"href":"https:\/\/alamocostadelsol.com\/fr\/wp-json\/wp\/v2\/pages"}],"about":[{"href":"https:\/\/alamocostadelsol.com\/fr\/wp-json\/wp\/v2\/types\/page"}],"author":[{"embeddable":true,"href":"https:\/\/alamocostadelsol.com\/fr\/wp-json\/wp\/v2\/users\/3"}],"replies":[{"embeddable":true,"href":"https:\/\/alamocostadelsol.com\/fr\/wp-json\/wp\/v2\/comments?post=18816052"}],"version-history":[{"count":2,"href":"https:\/\/alamocostadelsol.com\/fr\/wp-json\/wp\/v2\/pages\/18816052\/revisions"}],"predecessor-version":[{"id":18816055,"href":"https:\/\/alamocostadelsol.com\/fr\/wp-json\/wp\/v2\/pages\/18816052\/revisions\/18816055"}],"wp:attachment":[{"href":"https:\/\/alamocostadelsol.com\/fr\/wp-json\/wp\/v2\/media?parent=18816052"}],"wp:term":[{"taxonomy":"dipi_cpt_category","embeddable":true,"href":"https:\/\/alamocostadelsol.com\/fr\/wp-json\/wp\/v2\/dipi_cpt_category?post=18816052"}],"curies":[{"name":"wp","href":"https:\/\/api.w.org\/{rel}","templated":true}]}}