{"id":442,"date":"2024-05-02T22:24:19","date_gmt":"2024-05-02T20:24:19","guid":{"rendered":"https:\/\/alamocostadelsol.com\/startsida"},"modified":"2026-03-17T16:09:21","modified_gmt":"2026-03-17T15:09:21","slug":"startsida","status":"publish","type":"page","link":"https:\/\/alamocostadelsol.com\/es","title":{"rendered":"Inicio"},"content":{"rendered":"<p>[et_pb_section fb_built=\u00bb1&#8243; _builder_version=\u00bb4.27.0&#8243; _module_preset=\u00bbdefault\u00bb background_color=\u00bb#f2f2f2&#8243; border_width_top=\u00bb2px\u00bb border_color_top=\u00bb#000000&#8243; border_width_bottom=\u00bb2px\u00bb border_color_bottom=\u00bb#000000&#8243; global_colors_info=\u00bb{}\u00bb][et_pb_row _builder_version=\u00bb4.27.0&#8243; _module_preset=\u00bbdefault\u00bb width=\u00bb100%\u00bb max_width=\u00bb80%\u00bb global_colors_info=\u00bb{}\u00bb][et_pb_column type=\u00bb4_4&#8243; _builder_version=\u00bb4.27.0&#8243; _module_preset=\u00bbdefault\u00bb global_colors_info=\u00bb{}\u00bb][et_pb_text _builder_version=\u00bb4.27.4&#8243; _module_preset=\u00bbdefault\u00bb global_colors_info=\u00bb{}\u00bb]<\/p>\n<h1 style=\"text-align: center;\">Te ayudamos con el sector inmobiliario<\/h1>\n<p>[\/et_pb_text][et_pb_text _builder_version=\u00bb4.27.0&#8243; _module_preset=\u00bbdefault\u00bb text_font_size=\u00bb18px\u00bb global_colors_info=\u00bb{}\u00bb]<\/p>\n<p style=\"text-align: center;\">Bienvenido a <strong>\u00c1lamo Costa del Sol<\/strong>, tu socio inmobiliario de confianza en la impresionante costa sur de Espa\u00f1a. Con a\u00f1os de experiencia y profundos conocimientos locales, estamos especializados en ayudar a los clientes a comprar, vender e invertir en propiedades en toda la <strong>Costa del Sol<\/strong>. Tanto si buscas una villa de lujo, un apartamento moderno o una acogedora casa de vacaciones, tenemos una cartera de propiedades para todos los gustos y presupuestos.  <\/p>\n<p>[\/et_pb_text][\/et_pb_column][\/et_pb_row][et_pb_row column_structure=\u00bb1_3,1_3,1_3&#8243; _builder_version=\u00bb4.27.0&#8243; _module_preset=\u00bbdefault\u00bb global_colors_info=\u00bb{}\u00bb][et_pb_column type=\u00bb1_3&#8243; _builder_version=\u00bb4.27.0&#8243; _module_preset=\u00bbdefault\u00bb global_colors_info=\u00bb{}\u00bb][et_pb_button button_url=\u00bbhttps:\/\/alamocostadelsol.com\/es\/properties\u00bb button_text=\u00bbBuscar propiedad\u00bb button_alignment=\u00bbcenter\u00bb _builder_version=\u00bb4.27.0&#8243; _module_preset=\u00bbdefault\u00bb custom_button=\u00bbon\u00bb button_text_color=\u00bb#FFFFFF\u00bb button_bg_color=\u00bb#015479&#8243; button_border_width=\u00bb0px\u00bb button_border_radius=\u00bb25px\u00bb button_use_icon=\u00bboff\u00bb custom_padding=\u00bb1rem|2rem|1rem|2rem|false|false\u00bb global_colors_info=\u00bb{}\u00bb][\/et_pb_button][\/et_pb_column][et_pb_column type=\u00bb1_3&#8243; _builder_version=\u00bb4.27.0&#8243; _module_preset=\u00bbdefault\u00bb global_colors_info=\u00bb{}\u00bb][et_pb_button button_url=\u00bbhttps:\/\/alamocostadelsol.com\/es\/vender-propiedad\u00bb button_text=\u00bbVender una propiedad\u00bb button_alignment=\u00bbcenter\u00bb _builder_version=\u00bb4.27.0&#8243; _module_preset=\u00bbdefault\u00bb custom_button=\u00bbon\u00bb button_text_color=\u00bb#FFFFFF\u00bb button_bg_color=\u00bb#015479&#8243; button_border_width=\u00bb0px\u00bb button_border_radius=\u00bb25px\u00bb button_use_icon=\u00bboff\u00bb custom_padding=\u00bb1rem|2rem|1rem|2rem|false|false\u00bb global_colors_info=\u00bb{}\u00bb][\/et_pb_button][\/et_pb_column][et_pb_column type=\u00bb1_3&#8243; _builder_version=\u00bb4.27.0&#8243; _module_preset=\u00bbdefault\u00bb global_colors_info=\u00bb{}\u00bb][et_pb_button button_url=\u00bbhttps:\/\/alamocostadelsol.com\/es\/ponte-en-contacto-con\u00bb button_text=\u00bbPonte en contacto\u00bb button_alignment=\u00bbcenter\u00bb _builder_version=\u00bb4.27.0&#8243; _module_preset=\u00bbdefault\u00bb custom_button=\u00bbon\u00bb button_text_color=\u00bb#FFFFFF\u00bb button_bg_color=\u00bb#015479&#8243; button_border_width=\u00bb0px\u00bb button_border_radius=\u00bb25px\u00bb button_use_icon=\u00bboff\u00bb custom_padding=\u00bb1rem|2rem|1rem|2rem|false|false\u00bb global_colors_info=\u00bb{}\u00bb][\/et_pb_button][\/et_pb_column][\/et_pb_row][\/et_pb_section][et_pb_section fb_built=\u00bb1&#8243; admin_label=\u00bbText Highliter Demo 07&#8243; module_class=\u00bbvideo-promo\u00bb _builder_version=\u00bb4.27.4&#8243; _module_preset=\u00bbdefault\u00bb background_color=\u00bb#015479&#8243; background_image=\u00bbhttps:\/\/alamocostadelsol.com\/wp-content\/uploads\/2026\/02\/Fuengirola_parcela_2-Large.jpg\u00bb parallax=\u00bbon\u00bb parallax_method=\u00bboff\u00bb custom_padding=\u00bb||||false|false\u00bb global_colors_info=\u00bb{}\u00bb][et_pb_row _builder_version=\u00bb4.27.0&#8243; _module_preset=\u00bbdefault\u00bb custom_padding=\u00bb||26px|||\u00bb global_colors_info=\u00bb{}\u00bb][et_pb_column type=\u00bb4_4&#8243; _builder_version=\u00bb4.17.4&#8243; _module_preset=\u00bbdefault\u00bb global_colors_info=\u00bb{}\u00bb][et_pb_text _builder_version=\u00bb4.27.0&#8243; _module_preset=\u00bbdefault\u00bb text_font=\u00bbPoppins|600||on|||||\u00bb text_text_color=\u00bb#E09900&#8243; text_letter_spacing=\u00bb10px\u00bb text_orientation=\u00bbcenter\u00bb locked=\u00bboff\u00bb global_colors_info=\u00bb{}\u00bb]<\/p>\n<p>\u00a1Explora ahora!<\/p>\n<p>[\/et_pb_text][dipi_text_highlighter text_highlighter_text=\u00bbNuevos desarrollos -\u00bb text_highlighter_suffix=\u00bbTu puerta a la vida moderna en la Costa del Sol\u00bb highlight_shape=\u00bbfluid\u00bb highlight_animation_delay=\u00bb400ms\u00bb highlight_animation_duration=\u00bb2100ms\u00bb highlight_delay_after_animation=\u00bb5000ms\u00bb reverse_animation=\u00bbon\u00bb stroke_color=\u00bbRGBA(255,255,255,0)\u00bb highlighted_text_margin=\u00bb|10px||10px|false|false\u00bb _builder_version=\u00bb4.27.0&#8243; _module_preset=\u00bbdefault\u00bb all_text_font=\u00bbPoppins|700|||||||\u00bb all_text_text_align=\u00bbcenter\u00bb all_text_text_color=\u00bb#FFFFFF\u00bb all_text_font_size=\u00bb60px\u00bb prefix_text_font=\u00bbMontserrat|300|||||||\u00bb highlighted_text_font=\u00bbMontserrat||||||||\u00bb sufix_text_font=\u00bbMontserrat|300|||||||\u00bb width=\u00bb800px\u00bb width_tablet=\u00bb100%\u00bb width_phone=\u00bb100%\u00bb width_last_edited=\u00bbon|tablet\u00bb module_alignment=\u00bbcenter\u00bb all_text_font_size_tablet=\u00bb45px\u00bb all_text_font_size_phone=\u00bb40px\u00bb all_text_font_size_last_edited=\u00bbon|tablet\u00bb all_text_line_height_tablet=\u00bb1.2em\u00bb all_text_line_height_phone=\u00bb1.2em\u00bb all_text_line_height_last_edited=\u00bbon|tablet\u00bb global_colors_info=\u00bb{}\u00bb][\/dipi_text_highlighter][\/et_pb_column][\/et_pb_row][et_pb_row _builder_version=\u00bb4.27.0&#8243; _module_preset=\u00bbdefault\u00bb global_colors_info=\u00bb{}\u00bb][et_pb_column type=\u00bb4_4&#8243; _builder_version=\u00bb4.27.0&#8243; _module_preset=\u00bbdefault\u00bb global_colors_info=\u00bb{}\u00bb][et_pb_text _builder_version=\u00bb4.27.0&#8243; _module_preset=\u00bbdefault\u00bb text_text_color=\u00bb#FFFFFF\u00bb header_2_text_color=\u00bb#FFFFFF\u00bb global_colors_info=\u00bb{}\u00bb]<\/p>\n<h2 style=\"text-align: center;\">Tu socio de confianza para encontrar nuevas promociones<\/h2>\n<p>[\/et_pb_text][et_pb_text _builder_version=\u00bb4.27.0&#8243; _module_preset=\u00bbdefault\u00bb text_text_color=\u00bb#FFFFFF\u00bb text_font_size=\u00bb18px\u00bb global_colors_info=\u00bb{}\u00bb]<\/p>\n<p style=\"text-align: center;\">Nuestro equipo de expertos se especializa en <strong>promociones de obra nueva en la Costa del Sol<\/strong>, poni\u00e9ndote en contacto con las mejores propiedades del mercado. Tanto si buscas una propiedad para invertir, una casa de vacaciones o una residencia permanente, te ofrecemos asesoramiento personalizado para ayudarte a tomar la decisi\u00f3n correcta. <\/p>\n<p>[\/et_pb_text][et_pb_button button_url=\u00bbhttps:\/\/alamocostadelsol.com\/es\/properties?propertyTypes=New+Development\u00bb button_text=\u00bbExplora las novedades\u00bb button_alignment=\u00bbcenter\u00bb _builder_version=\u00bb4.27.0&#8243; _module_preset=\u00bbdefault\u00bb custom_button=\u00bbon\u00bb button_text_color=\u00bb#FFFFFF\u00bb button_bg_color=\u00bb#a48758&#8243; button_border_radius=\u00bb9px\u00bb button_use_icon=\u00bboff\u00bb locked=\u00bboff\u00bb global_colors_info=\u00bb{}\u00bb][\/et_pb_button][\/et_pb_column][\/et_pb_row][\/et_pb_section][et_pb_section fb_built=\u00bb1&#8243; admin_label=\u00bbText Highliter Demo 07&#8243; _builder_version=\u00bb4.27.0&#8243; _module_preset=\u00bbdefault\u00bb background_color=\u00bb#015479&#8243; background_enable_image=\u00bboff\u00bb background_size=\u00bbinitial\u00bb custom_padding=\u00bb||||false|false\u00bb global_colors_info=\u00bb{}\u00bb][et_pb_row _builder_version=\u00bb4.27.0&#8243; _module_preset=\u00bbdefault\u00bb global_colors_info=\u00bb{}\u00bb][et_pb_column type=\u00bb4_4&#8243; _builder_version=\u00bb4.27.0&#8243; _module_preset=\u00bbdefault\u00bb global_colors_info=\u00bb{}\u00bb][et_pb_text _builder_version=\u00bb4.27.0&#8243; _module_preset=\u00bbdefault\u00bb text_text_color=\u00bb#FFFFFF\u00bb text_font_size=\u00bb31px\u00bb text_line_height_tablet=\u00bb\u00bb text_line_height_phone=\u00bb1.8em\u00bb text_line_height_last_edited=\u00bbon|phone\u00bb global_colors_info=\u00bb{}\u00bb]<\/p>\n<p style=\"text-align: center;\">\u00bfPor qu\u00e9 elegir promociones de obra nueva en la Costa del Sol?<\/p>\n<p>[\/et_pb_text][\/et_pb_column][\/et_pb_row][et_pb_row column_structure=\u00bb1_2,1_2&#8243; _builder_version=\u00bb4.27.0&#8243; _module_preset=\u00bbdefault\u00bb global_colors_info=\u00bb{}\u00bb][et_pb_column type=\u00bb1_2&#8243; _builder_version=\u00bb4.17.1&#8243; _module_preset=\u00bbdefault\u00bb global_colors_info=\u00bb{}\u00bb][et_pb_blurb title=\u00bbDise\u00f1o de vanguardia\u00bb use_icon=\u00bbon\u00bb font_icon=\u00bb&#xf06e;||fa||400&#8243; icon_color=\u00bb#FFFFFF\u00bb image_icon_width=\u00bb43px\u00bb _builder_version=\u00bb4.27.0&#8243; _module_preset=\u00bbdefault\u00bb header_font=\u00bbPoppins|700|||||||\u00bb header_text_align=\u00bbcenter\u00bb body_font=\u00bbPoppins||||||||\u00bb body_text_align=\u00bbcenter\u00bb body_text_color=\u00bbrgba(255,255,255,0.62)\u00bb background_layout=\u00bbdark\u00bb custom_padding=\u00bb30px|30px|30px|30px|false|false\u00bb border_radii=\u00bbon|10px|10px|10px|10px\u00bb border_width_all=\u00bb1px\u00bb border_color_all=\u00bbrgba(255,255,255,0.08)\u00bb global_colors_info=\u00bb{}\u00bb background__hover_enabled=\u00bbon|hover\u00bb background_color__hover=\u00bbrgba(249,248,254,0.05)\u00bb background_enable_color__hover=\u00bbon\u00bb]<\/p>\n<p>Cada propiedad est\u00e1 dise\u00f1ada con una arquitectura contempor\u00e1nea, planos de planta abiertos y materiales de alta gama, que garantizan tanto la funcionalidad como la est\u00e9tica.<\/p>\n<p>[\/et_pb_blurb][et_pb_blurb title=\u00bbOpciones personalizables\u00bb use_icon=\u00bbon\u00bb font_icon=\u00bb&#xf1da;||fa||900&#8243; icon_color=\u00bb#FFFFFF\u00bb image_icon_width=\u00bb43px\u00bb _builder_version=\u00bb4.27.0&#8243; _module_preset=\u00bbdefault\u00bb header_font=\u00bbPoppins|700|||||||\u00bb header_text_align=\u00bbcenter\u00bb body_font=\u00bbPoppins||||||||\u00bb body_text_align=\u00bbcenter\u00bb body_text_color=\u00bbrgba(255,255,255,0.62)\u00bb background_layout=\u00bbdark\u00bb custom_padding=\u00bb30px|30px|30px|30px|false|false\u00bb border_radii=\u00bbon|10px|10px|10px|10px\u00bb border_width_all=\u00bb1px\u00bb border_color_all=\u00bbrgba(255,255,255,0.08)\u00bb global_colors_info=\u00bb{}\u00bb background_color__hover=\u00bbrgba(249,248,254,0.05)\u00bb background__hover_enabled=\u00bbon|hover\u00bb background_enable_color__hover=\u00bbon\u00bb]<\/p>\n<p>Muchos promotores ofrecen posibilidades de personalizaci\u00f3n, lo que te permite dise\u00f1ar una casa que se adapte perfectamente a tu estilo de vida y a tus necesidades.<\/p>\n<p>[\/et_pb_blurb][\/et_pb_column][et_pb_column type=\u00bb1_2&#8243; _builder_version=\u00bb4.17.1&#8243; _module_preset=\u00bbdefault\u00bb global_colors_info=\u00bb{}\u00bb][et_pb_blurb title=\u00bbUbicaciones privilegiadas\u00bb use_icon=\u00bbon\u00bb font_icon=\u00bb&#xf144;||fa||400&#8243; icon_color=\u00bb#FFFFFF\u00bb image_icon_width=\u00bb43px\u00bb _builder_version=\u00bb4.27.0&#8243; _module_preset=\u00bbdefault\u00bb header_font=\u00bbPoppins|700|||||||\u00bb header_text_align=\u00bbcenter\u00bb body_font=\u00bbPoppins||||||||\u00bb body_text_align=\u00bbcenter\u00bb body_text_color=\u00bbrgba(255,255,255,0.62)\u00bb background_layout=\u00bbdark\u00bb custom_padding=\u00bb30px|30px|30px|30px|false|false\u00bb border_radii=\u00bbon|10px|10px|10px|10px\u00bb border_width_all=\u00bb1px\u00bb border_color_all=\u00bbrgba(255,255,255,0.08)\u00bb global_colors_info=\u00bb{}\u00bb background_color__hover=\u00bbrgba(249,248,254,0.05)\u00bb background__hover_enabled=\u00bbon|hover\u00bb background_enable_color__hover=\u00bbon\u00bb]<\/p>\n<p>Tanto si buscas vistas panor\u00e1micas al mar, proximidad a campos de golf o vibrantes centros urbanos, las nuevas promociones de la Costa del Sol satisfacen todas las preferencias.<\/p>\n<p>[\/et_pb_blurb][et_pb_blurb title=\u00bbEficiencia Energ\u00e9tica\u00bb use_icon=\u00bbon\u00bb font_icon=\u00bb&#xe077;||fa||400&#8243; icon_color=\u00bb#FFFFFF\u00bb image_icon_width=\u00bb43px\u00bb _builder_version=\u00bb4.27.0&#8243; _module_preset=\u00bbdefault\u00bb header_font=\u00bbPoppins|700|||||||\u00bb header_text_align=\u00bbcenter\u00bb body_font=\u00bbPoppins||||||||\u00bb body_text_align=\u00bbcenter\u00bb body_text_color=\u00bbrgba(255,255,255,0.62)\u00bb background_layout=\u00bbdark\u00bb custom_padding=\u00bb30px|30px|30px|30px|false|false\u00bb border_radii=\u00bbon|10px|10px|10px|10px\u00bb border_width_all=\u00bb1px\u00bb border_color_all=\u00bbrgba(255,255,255,0.08)\u00bb global_colors_info=\u00bb{}\u00bb background_color__hover=\u00bbrgba(249,248,254,0.05)\u00bb background__hover_enabled=\u00bbon|hover\u00bb background_enable_color__hover=\u00bbon\u00bb]<\/p>\n<p>Muchas propiedades presentan lo \u00faltimo en pr\u00e1cticas de construcci\u00f3n sostenible, ofreciendo soluciones energ\u00e9ticamente eficientes que ahorran costes a la vez que protegen el medio ambiente.<\/p>\n<p>[\/et_pb_blurb][\/et_pb_column][\/et_pb_row][et_pb_row _builder_version=\u00bb4.27.0&#8243; _module_preset=\u00bbdefault\u00bb global_colors_info=\u00bb{}\u00bb][et_pb_column type=\u00bb4_4&#8243; _builder_version=\u00bb4.27.0&#8243; _module_preset=\u00bbdefault\u00bb global_colors_info=\u00bb{}\u00bb][et_pb_text _builder_version=\u00bb4.27.0&#8243; _module_preset=\u00bbdefault\u00bb text_text_color=\u00bb#FFFFFF\u00bb text_font_size=\u00bb27px\u00bb text_line_height=\u00bb1.8em\u00bb global_colors_info=\u00bb{}\u00bb]<\/p>\n<p style=\"text-align: center;\">Empieza tu viaje hoy y explora las \u00faltimas promociones de obra nueva en la Costa del Sol. Ponte en contacto con nosotros para obtener m\u00e1s informaci\u00f3n o navega por nuestra cartera para encontrar la casa de tus sue\u00f1os. <\/p>\n<p>[\/et_pb_text][et_pb_button button_url=\u00bbhttps:\/\/alamocostadelsol.com\/es\/properties?propertyTypes=New+Development\u00bb button_text=\u00bbExplora las novedades\u00bb button_alignment=\u00bbcenter\u00bb _builder_version=\u00bb4.27.0&#8243; _module_preset=\u00bbdefault\u00bb custom_button=\u00bbon\u00bb button_text_color=\u00bb#FFFFFF\u00bb button_bg_color=\u00bb#a48758&#8243; button_border_radius=\u00bb9px\u00bb button_use_icon=\u00bboff\u00bb global_colors_info=\u00bb{}\u00bb][\/et_pb_button][dipi_expanding_cta _builder_version=\u00bb4.27.0&#8243; _module_preset=\u00bbdefault\u00bb global_colors_info=\u00bb{}\u00bb][\/dipi_expanding_cta][\/et_pb_column][\/et_pb_row][\/et_pb_section][et_pb_section fb_built=\u00bb1&#8243; _builder_version=\u00bb4.27.0&#8243; _module_preset=\u00bbdefault\u00bb custom_margin=\u00bb50px||||false|false\u00bb custom_margin_tablet=\u00bb\u00bb custom_margin_phone=\u00bb||||false|false\u00bb custom_margin_last_edited=\u00bbon|phone\u00bb custom_padding=\u00bb0px||||false|false\u00bb global_colors_info=\u00bb{}\u00bb][et_pb_row column_structure=\u00bb1_2,1_2&#8243; _builder_version=\u00bb4.25.0&#8243; _module_preset=\u00bbdefault\u00bb width=\u00bb85%\u00bb max_width=\u00bb100%\u00bb border_radii=\u00bbon|0px|0px|0px|0px\u00bb global_colors_info=\u00bb{}\u00bb][et_pb_column type=\u00bb1_2&#8243; _builder_version=\u00bb4.25.0&#8243; _module_preset=\u00bbdefault\u00bb global_colors_info=\u00bb{}\u00bb][et_pb_image src=\u00bbhttps:\/\/alamocostadelsol.com\/wp-content\/uploads\/2024\/05\/585240bd-5a65-4a96-8b5c-720ea0d90761.jpg\u00bb title_text=\u00bbFuengirola,Espa\u00f1a,,Vista,A\u00e9rea,Sobre,La,Costa,Del,Mar,Y,Edificios.\u00bb _builder_version=\u00bb4.25.0&#8243; _module_preset=\u00bbdefault\u00bb border_radii=\u00bbon|10px|10px|10px|10px\u00bb global_colors_info=\u00bb{}\u00bb][\/et_pb_image][\/et_pb_column][et_pb_column type=\u00bb1_2&#8243; _builder_version=\u00bb4.25.0&#8243; _module_preset=\u00bbdefault\u00bb global_colors_info=\u00bb{}\u00bb][et_pb_text _builder_version=\u00bb4.25.0&#8243; _module_preset=\u00bbdefault\u00bb text_font=\u00bbMarcellus||||||||\u00bb text_text_color=\u00bb#000000&#8243; text_font_size=\u00bb15px\u00bb header_2_font=\u00bbMarcellus|700|||||||\u00bb header_2_line_height=\u00bb1.7em\u00bb custom_margin=\u00bb15px||||false|false\u00bb global_colors_info=\u00bb{}\u00bb]<\/p>\n<h2 class=\"header-text text-2xl lg:text-3xl xl:text-5xl tracking-tight text-primary mb-4 lg:mb-4\">ALAMO COSTA DEL SOL<\/h2>\n<p class=\"tracking-tight text-base leading-normal\">Bienvenido a tu inmobiliaria sueca multiling\u00fce en la Costa del Sol, con m\u00e1s de 30 a\u00f1os de experiencia en la venta de propiedades en Espa\u00f1a.<\/p>\n<p>Trabajamos en toda la Costa del Sol, desde Nerja hasta Estepona, con especial atenci\u00f3n a Marbella y Fuengirola. Trabajamos en toda la Costa del Sol desde Nerja hasta Estepona con foco especial en Marbella y Fuengirola. Vendemos apartamentos, adosados \u200b\u200by villas y disponemos de un departamento especial para todas las promociones de obra nueva y proyectos de construcci\u00f3n en curso en la Costa del Sol. Cont\u00e1ctanos por tel\u00e9fono o correo electr\u00f3nico y cu\u00e9ntanos qu\u00e9 podemos hacer por ti. Podr\u00eda ser el comienzo de tu sue\u00f1o de vivir en Espa\u00f1a.  <\/p>\n<p>&nbsp;<\/p>\n<p>[\/et_pb_text][et_pb_button button_url=\u00bb@ET-DC@eyJkeW5hbWljIjp0cnVlLCJjb250ZW50IjoicG9zdF9saW5rX3VybF9wYWdlIiwic2V0dGluZ3MiOnsicG9zdF9pZCI6IjIyIn19@\u00bb button_text=\u00bbSaber m\u00e1s\u00bb _builder_version=\u00bb4.25.2&#8243; _dynamic_attributes=\u00bbbutton_url\u00bb _module_preset=\u00bbdefault\u00bb custom_button=\u00bbon\u00bb button_text_size=\u00bb16px\u00bb button_text_color=\u00bb#FFFFFF\u00bb button_bg_color=\u00bb#015479&#8243; button_border_width=\u00bb0px\u00bb button_border_radius=\u00bb50px\u00bb button_font=\u00bbMarcellus|700|||||||\u00bb button_use_icon=\u00bboff\u00bb custom_margin=\u00bb-25px||||false|false\u00bb custom_padding=\u00bb2%|8%|2%|8%|false|false\u00bb global_colors_info=\u00bb{}\u00bb custom_css_main_element_last_edited=\u00bbon|tablet\u00bb][\/et_pb_button][\/et_pb_column][\/et_pb_row][\/et_pb_section][et_pb_section fb_built=\u00bb1&#8243; _builder_version=\u00bb4.25.0&#8243; _module_preset=\u00bbdefault\u00bb background_color=\u00bb#f9f9f9&#8243; global_colors_info=\u00bb{}\u00bb][et_pb_row _builder_version=\u00bb4.25.2&#8243; _module_preset=\u00bbdefault\u00bb width=\u00bb90%\u00bb max_width=\u00bb100%\u00bb overflow-x=\u00bbhidden\u00bb global_colors_info=\u00bb{}\u00bb][et_pb_column type=\u00bb4_4&#8243; _builder_version=\u00bb4.25.0&#8243; _module_preset=\u00bbdefault\u00bb global_colors_info=\u00bb{}\u00bb][et_pb_text _builder_version=\u00bb4.25.0&#8243; _module_preset=\u00bbdefault\u00bb header_2_font=\u00bbMarcellus SC|700|||||||\u00bb header_2_text_align=\u00bbcenter\u00bb header_2_font_size=\u00bb30px\u00bb global_colors_info=\u00bb{}\u00bb]<\/p>\n<h2>Lo que piensan nuestros clientes<\/h2>\n<p>[\/et_pb_text][et_pb_code _builder_version=\u00bb4.27.0&#8243; _module_preset=\u00bbdefault\u00bb global_colors_info=\u00bb{}\u00bb]<div data-src=\"https:\/\/cdn.trustindex.io\/loader.js?6b6213a43c9279335a96b119ce5\"><\/div>[\/et_pb_code][\/et_pb_column][\/et_pb_row][et_pb_row _builder_version=\u00bb4.25.0&#8243; _module_preset=\u00bbdefault\u00bb width=\u00bb90%\u00bb max_width=\u00bb100%\u00bb global_colors_info=\u00bb{}\u00bb][et_pb_column type=\u00bb4_4&#8243; _builder_version=\u00bb4.25.0&#8243; _module_preset=\u00bbdefault\u00bb global_colors_info=\u00bb{}\u00bb][et_pb_text _builder_version=\u00bb4.25.1&#8243; _module_preset=\u00bbdefault\u00bb header_2_font=\u00bbMarcellus SC|700|||||||\u00bb header_2_font_size=\u00bb30px\u00bb global_colors_info=\u00bb{}\u00bb]<\/p>\n<h2>\u00daltimas noticias<\/h2>\n<p>[\/et_pb_text][et_pb_blog fullwidth=\u00bboff\u00bb posts_number=\u00bb3&#8243; include_categories=\u00bb21,all\u00bb meta_date=\u00bbj M Y\u00bb show_more=\u00bbon\u00bb show_author=\u00bboff\u00bb show_categories=\u00bboff\u00bb show_pagination=\u00bboff\u00bb _builder_version=\u00bb4.27.4&#8243; _module_preset=\u00bbdefault\u00bb header_font=\u00bbMarcellus|700|||||||\u00bb header_font_size=\u00bb20px\u00bb header_line_height=\u00bb1.3em\u00bb body_font=\u00bbMarcellus||||||||\u00bb body_font_size=\u00bb16px\u00bb meta_font=\u00bbMarcellus||||||||\u00bb meta_font_size=\u00bb16px\u00bb meta_line_height=\u00bb1.9em\u00bb read_more_font=\u00bbMarcellus|700||on|||||\u00bb read_more_text_color=\u00bb#003c58&#8243; read_more_font_size=\u00bb16px\u00bb read_more_line_height=\u00bb2.3em\u00bb pagination_font=\u00bbMarcellus|700|||||||\u00bb max_width=\u00bb98%\u00bb module_alignment=\u00bbcenter\u00bb border_radii=\u00bbon|10px|10px|10px|10px\u00bb box_shadow_style=\u00bbpreset2&#8243; box_shadow_horizontal=\u00bb4px\u00bb box_shadow_vertical=\u00bb3px\u00bb box_shadow_blur=\u00bb6px\u00bb box_shadow_color=\u00bb#d9d9d9&#8243; global_colors_info=\u00bb{}\u00bb][\/et_pb_blog][\/et_pb_column][\/et_pb_row][\/et_pb_section][et_pb_section fb_built=\u00bb1&#8243; _builder_version=\u00bb4.27.0&#8243; _module_preset=\u00bbdefault\u00bb global_colors_info=\u00bb{}\u00bb][et_pb_row _builder_version=\u00bb4.27.0&#8243; _module_preset=\u00bbdefault\u00bb global_colors_info=\u00bb{}\u00bb][et_pb_column type=\u00bb4_4&#8243; _builder_version=\u00bb4.27.0&#8243; _module_preset=\u00bbdefault\u00bb global_colors_info=\u00bb{}\u00bb][et_pb_text _builder_version=\u00bb4.27.0&#8243; _module_preset=\u00bbdefault\u00bb global_colors_info=\u00bb{}\u00bb]<\/p>\n<h2><span data-contrast=\"auto\">Descubre M\u00e1laga: Una Joya de la Costa del Sol<\/span><span data-ccp-props=\"{\"201341983\":0,\"335559739\":160,\"335559740\":259}\"> <\/span><span data-ccp-props=\"{\"201341983\":0,\"335559739\":160,\"335559740\":259}\"> <\/span><\/h2>\n<p><span data-ccp-props=\"{\"201341983\":0,\"335559739\":160,\"335559740\":259}\"><\/span><\/p>\n<p><span data-contrast=\"auto\">M\u00e1laga, una vibrante ciudad de la Costa del Sol espa\u00f1ola, es un destino que ofrece una rica mezcla de historia, cultura y modernidad. Desde sus antiguas ruinas y hermosas playas hasta sus bulliciosos mercados y museos contempor\u00e1neos, M\u00e1laga tiene algo para todos los gustos. Tanto si planeas una estancia breve como unas vacaciones prolongadas, esta gu\u00eda te ayudar\u00e1 a explorar lo mejor que la ciudad tiene que ofrecer.  <\/span><span data-ccp-props=\"{\"201341983\":0,\"335559739\":160,\"335559740\":259}\"> <\/span><\/p>\n<p><span data-ccp-props=\"{\"201341983\":0,\"335559739\":160,\"335559740\":259}\"><\/span><\/p>\n<h3><span data-contrast=\"auto\">Qu\u00e9 hacer en M\u00e1laga<\/span><span data-ccp-props=\"{\"201341983\":0,\"335559739\":160,\"335559740\":259}\"> <\/span><\/h3>\n<p><strong>  1. Explora el Centro Hist\u00f3rico<\/strong><span data-ccp-props=\"{\"201341983\":0,\"335559739\":160,\"335559740\":259}\"><\/span><\/p>\n<p><span data-contrast=\"auto\"> \u2013 Alcazaba y Castillo de Gibralfaro: Estas fortalezas moriscas ofrecen una visi\u00f3n del pasado isl\u00e1mico de M\u00e1laga y proporcionan impresionantes vistas de la ciudad y el mar Mediterr\u00e1neo. <\/span><a href=\"https:\/\/www.andalucia.com\/cities\/malaga\/alcazaba.htm\"><span data-contrast=\"none\">M\u00e1s sobre Alcazaba<\/span><\/a><span data-ccp-props=\"{\"201341983\":0,\"335559739\":160,\"335559740\":259}\"> <\/span><\/p>\n<p> <span data-contrast=\"auto\">&#8211; Catedral de M\u00e1laga: Conocida como \u201cLa Manquita\u201d debido a su segunda torre inacabada, esta catedral renacentista es una <\/span><a href=\"https:\/\/malagacatedral.com\/\"><span data-contrast=\"none\">visita obligada<\/span><\/a><span data-ccp-props=\"{\"201341983\":0,\"335559739\":160,\"335559740\":259}\"> <\/span><\/p>\n<p><span data-ccp-props=\"{\"201341983\":0,\"335559739\":160,\"335559740\":259}\"> <\/span><\/p>\n<ol start=\"2\">\n<li><strong> Museos y Galer\u00edas de Arte<\/strong><\/li>\n<\/ol>\n<p><span data-contrast=\"auto\"> \u2013 Museo Picasso: M\u00e1laga es el lugar de nacimiento de Pablo Picasso, y este museo alberga una extensa colecci\u00f3n de sus obras. <\/span><a href=\"https:\/\/www.museopicassomalaga.org\/en\"><span data-contrast=\"none\">Sitio web del Museo Picasso<\/span><\/a><span data-ccp-props=\"{\"201341983\":0,\"335559739\":160,\"335559740\":259}\"> <\/span><\/p>\n<p><span data-contrast=\"auto\"> &#8211; Centre Pompidou M\u00e1laga: Este museo de arte contempor\u00e1neo es la primera sucursal del Centre Pompidou de Par\u00eds fuera de Francia. <\/span><a href=\"https:\/\/centrepompidou-malaga.eu\/\"><span data-contrast=\"none\">Centre Pompidou M\u00e1laga<\/span><\/a><span data-ccp-props=\"{\"201341983\":0,\"335559739\":160,\"335559740\":259}\"> <\/span><\/p>\n<p><span data-ccp-props=\"{\"201341983\":0,\"335559739\":160,\"335559740\":259}\"> <\/span><\/p>\n<ol start=\"3\">\n<li><strong> Playas y actividades al aire libre<\/strong><\/li>\n<\/ol>\n<p><span data-contrast=\"auto\"> \u2013 Playa de la Malagueta: Ubicada cerca del centro de la ciudad, este es el lugar perfecto para relajarse y tomar el sol.<\/span><span data-ccp-props=\"{\"201341983\":0,\"335559739\":160,\"335559740\":259}\"> <\/span><\/p>\n<p><span data-contrast=\"auto\"> \u2013 El Palo y Pedregalejo: Estos barrios ofrecen playas encantadoras y excelentes restaurantes de mariscos.<\/span><span data-ccp-props=\"{\"201341983\":0,\"335559739\":160,\"335559740\":259}\"> <\/span><\/p>\n<p><span data-ccp-props=\"{\"201341983\":0,\"335559739\":160,\"335559740\":259}\"> <\/span><\/p>\n<ol start=\"4\">\n<li><strong> Compras y Gastronom\u00eda<\/strong><\/li>\n<\/ol>\n<p><span data-contrast=\"auto\"> \u2013 Calle Larios: La principal calle comercial de M\u00e1laga, con marcas exclusivas y tiendas locales.<\/span><span data-ccp-props=\"{\"201341983\":0,\"335559739\":160,\"335559740\":259}\"> <\/span><\/p>\n<p><span data-contrast=\"auto\"> \u2013 Mercado de Atarazanas: Un bullicioso mercado donde puedes encontrar productos frescos, mariscos y delicias locales. <\/span><a href=\"https:\/\/mercadomalaga.es\/mercados\/mercado-central-atarazanas\/\"><span data-contrast=\"none\">Detalles del Mercado de Atarazanas<\/span><\/a><span data-ccp-props=\"{\"201341983\":0,\"335559739\":160,\"335559740\":259}\"> <\/span><\/p>\n<p><span data-ccp-props=\"{\"201341983\":0,\"335559739\":160,\"335559740\":259}\"> <\/span><\/p>\n<ol start=\"5\">\n<li><strong> Vida Nocturna<\/strong><\/li>\n<\/ol>\n<p><span data-contrast=\"auto\">  &#8211; M\u00e1laga presume de una vibrante vida nocturna con numerosos bares, discotecas y restaurantes de tapas, sobre todo en los alrededores de la Plaza de la Merced y la Plaza Mitjana. S\u00f3lo tienes que pasear por aqu\u00ed durante la noche y encontrar\u00e1s un mont\u00f3n de sitios chulos.   <\/span><span data-ccp-props=\"{\"201341983\":0,\"335559739\":160,\"335559740\":259}\"> <\/span><\/p>\n<p><span data-ccp-props=\"{\"201341983\":0,\"335559739\":160,\"335559740\":259}\"> <\/span><\/p>\n<h2><span data-contrast=\"auto\">Aeropuerto de M\u00e1laga<\/span><span data-ccp-props=\"{\"201341983\":0,\"335559739\":160,\"335559740\":259}\"> <\/span><\/h2>\n<p><span data-ccp-props=\"{\"201341983\":0,\"335559739\":160,\"335559740\":259}\"> <\/span><\/p>\n<p><span data-contrast=\"auto\">El Aeropuerto de M\u00e1laga-Costa del Sol (AGP) es el cuarto aeropuerto m\u00e1s transitado de Espa\u00f1a, con millones de pasajeros al a\u00f1o. Est\u00e1 situado a s\u00f3lo 8 kil\u00f3metros al suroeste del centro de la ciudad, por lo que es f\u00e1cilmente accesible por diversos medios de transporte. <\/span><span data-ccp-props=\"{\"201341983\":0,\"335559739\":160,\"335559740\":259}\"> <\/span><\/p>\n<p><span data-ccp-props=\"{\"201341983\":0,\"335559739\":160,\"335559740\":259}\"> <\/span><\/p>\n<h3><span data-contrast=\"auto\">Opciones de Transporte:<\/span><span data-ccp-props=\"{\"201341983\":0,\"335559739\":160,\"335559740\":259}\"> <\/span><\/h3>\n<p><span data-contrast=\"auto\"> \u2013 Tren: La l\u00ednea Cercan\u00edas C1 conecta el aeropuerto con el centro de la ciudad en unos 12 minutos.<\/span><span data-ccp-props=\"{\"201341983\":0,\"335559739\":160,\"335559740\":259}\"> <\/span><\/p>\n<p><span data-contrast=\"auto\"> \u2013 Autob\u00fas: La l\u00ednea de autob\u00fas A Express tambi\u00e9n ofrece una ruta directa al centro de la ciudad.<\/span><span data-ccp-props=\"{\"201341983\":0,\"335559739\":160,\"335559740\":259}\"> <\/span><\/p>\n<p><span data-contrast=\"auto\"> \u2013 Taxi y Alquiler de Coches: Los taxis y alquileres de coches est\u00e1n disponibles en el aeropuerto para aquellos que prefieren una ruta m\u00e1s directa a su destino. <\/span><a href=\"https:\/\/www.aena.es\/en\/malaga-costa-del-sol.html\"><span data-contrast=\"none\">Opciones de transporte del aeropuerto<\/span><\/a><span data-ccp-props=\"{\"201341983\":0,\"335559739\":160,\"335559740\":259}\"> <\/span><\/p>\n<p><span data-ccp-props=\"{\"201341983\":0,\"335559739\":160,\"335559740\":259}\"> <\/span><\/p>\n<h3><span data-contrast=\"auto\">Hoteles en M\u00e1laga<\/span><span data-ccp-props=\"{\"201341983\":0,\"335559739\":160,\"335559740\":259}\"> <\/span><\/h3>\n<p><span data-ccp-props=\"{\"201341983\":0,\"335559739\":160,\"335559740\":259}\"> <\/span><\/p>\n<ol>\n<li><strong> Gran Hotel Miramar<\/strong><\/li>\n<\/ol>\n<p><span data-contrast=\"auto\"> \u2013 Un hotel de cinco estrellas ubicado frente a la playa, que ofrece alojamientos de lujo y servicios de primera clase. Gran Hotel Miramar <\/span><a href=\"https:\/\/www.granhotelmiramarmalaga.com\"><span data-contrast=\"none\">Gran Hotel Miramar<\/span><\/a><span data-ccp-props=\"{\"201341983\":0,\"335559739\":160,\"335559740\":259}\"> <\/span><\/p>\n<p><span data-ccp-props=\"{\"201341983\":0,\"335559739\":160,\"335559740\":259}\"> <\/span><\/p>\n<ol start=\"2\">\n<li><strong> Molina Lario<\/strong><\/li>\n<\/ol>\n<p><span data-contrast=\"auto\"> \u2013 Un hotel boutique situado en el coraz\u00f3n de la ciudad, cerca de la Catedral y otras atracciones principales. Molina Lario Hotel <\/span><a href=\"https:\/\/www.hotelmolinalario.com\/en\"><span data-contrast=\"none\">Molina Lario Hotel<\/span><\/a><span data-ccp-props=\"{\"201341983\":0,\"335559739\":160,\"335559740\":259}\"> <\/span><\/p>\n<p><span data-ccp-props=\"{\"201341983\":0,\"335559739\":160,\"335559740\":259}\"> <\/span><\/p>\n<ol start=\"3\">\n<li><strong> Room Mate Valeria<\/strong><\/li>\n<\/ol>\n<p><span data-contrast=\"auto\"> \u2013 Conocido por su dise\u00f1o elegante y ubicaci\u00f3n central, este hotel ofrece un bar en la azotea con vistas panor\u00e1micas de la ciudad. <\/span><a href=\"https:\/\/valeria.room-matehotels.com\/en\/).\"><span data-contrast=\"none\">Room Mate Valeria<\/span><\/a><span data-ccp-props=\"{\"201341983\":0,\"335559739\":160,\"335559740\":259}\"> <\/span><\/p>\n<p><span data-ccp-props=\"{\"201341983\":0,\"335559739\":160,\"335559740\":259}\"> <\/span><\/p>\n<ol start=\"4\">\n<li><strong> Parador de M\u00e1laga Gibralfaro<\/strong><\/li>\n<\/ol>\n<p><span data-contrast=\"auto\"> \u2013 Este hotel est\u00e1 ubicado junto al Castillo de Gibralfaro, proporcionando a los hu\u00e9spedes impresionantes vistas de la ciudad y el mar. <\/span><a href=\"https:\/\/paradores.es\/es\/parador-de-malaga-gibralfaro?utm_source=GoogleMyBusiness&amp;utm_medium=linkgoogle&amp;utm_campaign=paradordemalagagibralfaro&amp;utm_term=organico&amp;utm_content=ficha\"><span data-contrast=\"none\">Res\u00e9rvalo hoy.<\/span><\/a><span data-ccp-props=\"{\"201341983\":0,\"335559739\":160,\"335559740\":259}\"> <\/span><\/p>\n<p><span data-ccp-props=\"{\"201341983\":0,\"335559739\":160,\"335559740\":259}\"> <\/span><\/p>\n<h3><span data-contrast=\"auto\">Atracciones y Distancias a Otras Ciudades<\/span><span data-ccp-props=\"{\"201341983\":0,\"335559739\":160,\"335559740\":259}\"> <\/span><\/h3>\n<p><span data-ccp-props=\"{\"201341983\":0,\"335559739\":160,\"335559740\":259}\"> <\/span><\/p>\n<p><span data-contrast=\"auto\">&#8211; Ronda: A unos 100 kil\u00f3metros de M\u00e1laga, Ronda es famosa por sus espectaculares acantilados y su hist\u00f3rica plaza de toros. Un pintoresco viaje en coche o en tren por la campi\u00f1a andaluza constituye una excursi\u00f3n perfecta de un d\u00eda.   <\/span><a href=\"https:\/\/www.andalucia.com\/ronda\/home.htm\"><span data-contrast=\"none\">Visita Ronda<\/span><\/a><span data-ccp-props=\"{\"201341983\":0,\"335559739\":160,\"335559740\":259}\"> <\/span><\/p>\n<p><span data-ccp-props=\"{\"201341983\":0,\"335559739\":160,\"335559740\":259}\"> <\/span><\/p>\n<p><span data-contrast=\"auto\">&#8211; Granada: Situada a 130 kil\u00f3metros de M\u00e1laga, Granada es el hogar del mundialmente famoso palacio de la Alhambra y ofrece una rica mezcla de historia morisca y espa\u00f1ola. <\/span><a href=\"https:\/\/www.andalucia.com\/cities\/granada.htm\"><span data-contrast=\"none\">Descubre Granada<\/span><\/a><span data-ccp-props=\"{\"201341983\":0,\"335559739\":160,\"335559740\":259}\"> <\/span><\/p>\n<p><span data-ccp-props=\"{\"201341983\":0,\"335559739\":160,\"335559740\":259}\"> <\/span><\/p>\n<p><span data-contrast=\"auto\">&#8211; Sevilla: A unos 200 kil\u00f3metros, Sevilla es conocida por su baile flamenco, su catedral g\u00f3tica y el palacio del Alc\u00e1zar. Es una ciudad llena de vibrante cultura e historia.   <\/span><a href=\"https:\/\/es.wikipedia.org\/wiki\/Sevilla\"><span data-contrast=\"none\">Explora Sevilla<\/span><\/a><span data-ccp-props=\"{\"201341983\":0,\"335559739\":160,\"335559740\":259}\"> <\/span><\/p>\n<p><span data-ccp-props=\"{\"201341983\":0,\"335559739\":160,\"335559740\":259}\"> <\/span><\/p>\n<p><span data-contrast=\"auto\">\u2013 C\u00f3rdoba: A 160 kil\u00f3metros de M\u00e1laga, C\u00f3rdoba cuenta con la impresionante Mezquita-Catedral, una \u00fanica mezquita-catedral que refleja la diversa historia de la ciudad. <\/span><a href=\"https:\/\/es.wikipedia.org\/wiki\/C%C3%B3rdoba_(Espa%C3%B1a)\"><span data-contrast=\"none\">Turismo en C\u00f3rdoba<\/span><\/a><span data-ccp-props=\"{\"201341983\":0,\"335559739\":160,\"335559740\":259}\"> <\/span><\/p>\n<p><span data-ccp-props=\"{\"201341983\":0,\"335559739\":160,\"335559740\":259}\"> <\/span><\/p>\n<p><span data-contrast=\"auto\">&#8211; Marbella: A solo 60 kil\u00f3metros al suroeste de M\u00e1laga, Marbella es una ciudad tur\u00edstica de lujo conocida por su glamorosa vida nocturna, sus boutiques exclusivas y sus hermosas playas. <\/span><a href=\"https:\/\/en.wikipedia.org\/wiki\/Marbella\"><span data-contrast=\"none\">Gu\u00eda de Marbella<\/span><\/a><span data-ccp-props=\"{\"201341983\":0,\"335559739\":160,\"335559740\":259}\"> <\/span><\/p>\n<p><span data-ccp-props=\"{\"201341983\":0,\"335559739\":160,\"335559740\":259}\"> <\/span><\/p>\n<p><span data-contrast=\"auto\">M\u00e1laga no es solo una puerta de entrada a estos destinos fascinantes, sino tambi\u00e9n una ciudad vibrante con un encanto propio. Ya sea que explores sus sitios hist\u00f3ricos, te relajes en sus playas o te aventures a ciudades cercanas, M\u00e1laga ofrece una riqueza de experiencias para cada viajero. <\/span><span data-ccp-props=\"{\"201341983\":0,\"335559739\":160,\"335559740\":259}\"> <\/span><\/p>\n<p>[\/et_pb_text][\/et_pb_column][\/et_pb_row][\/et_pb_section][et_pb_section fb_built=\u00bb1&#8243; _builder_version=\u00bb4.25.1&#8243; _module_preset=\u00bbdefault\u00bb global_colors_info=\u00bb{}\u00bb][et_pb_row _builder_version=\u00bb4.25.2&#8243; _module_preset=\u00bbdefault\u00bb background_color=\u00bb#FFFFFF\u00bb z_index=\u00bb1&#8243; width=\u00bb60%\u00bb width_tablet=\u00bb80%\u00bb width_phone=\u00bb90%\u00bb width_last_edited=\u00bbon|tablet\u00bb max_width=\u00bb100%\u00bb custom_margin=\u00bb60px||||false|false\u00bb border_radii=\u00bbon|25px|25px|25px|25px\u00bb box_shadow_style=\u00bbpreset1&#8243; box_shadow_blur=\u00bb10px\u00bb global_colors_info=\u00bb{}\u00bb][et_pb_column type=\u00bb4_4&#8243; _builder_version=\u00bb4.25.2&#8243; _module_preset=\u00bbdefault\u00bb global_colors_info=\u00bb{}\u00bb][et_pb_contact_form use_spam_service=\u00bbon\u00bb recaptcha_list=\u00bbAlamo ReCap forms|Alamo ReCap forms-0&#8243; email=\u00bbcontact@alamocostadelsol.com\u00bb title=\u00bbEnv\u00edanos un mensaje y nos pondremos en contacto contigo\u00bb custom_message=\u00bbNuevo formulario de cliente enviado al sitio web: <b>alamocostadelsol.com|||et_pb_line_break_holder||||et_pb_line_break_holder||Detalles<\/b> del formulario: ||et_pb_line_break_holder||||et_pb_line_break_holder||||et_pb_line_break_holder||Nombre: %%Name%%: %%Email%%: %%Phone%% del cliente: Mensaje: %%Message%%\u00bb use_redirect=\u00bbon\u00bb redirect_url=\u00bbhttps:\/\/alamocostadelsol.com\/\u00bb submit_button_text=\u00bbEnviar consulta\u00bb _builder_version=\u00bb4.27.0&#8243; _module_preset=\u00bbdefault\u00bb _unique_id=\u00bba4d7076c-8199-4434-8e35-24332353c404&#8243; form_field_background_color=\u00bb#f9f9f9&#8243; title_level=\u00bbh2&#8243; title_font=\u00bbMarcellus|700|||||||\u00bb title_text_align=\u00bbcenter\u00bb title_line_height=\u00bb1.8em\u00bb captcha_font=\u00bbMarcellus|&#8211;et_global_heading_font_weight|||||||\u00bb form_field_font=\u00bbMarcellus|&#8211;et_global_body_font_weight|||||||\u00bb form_field_text_align=\u00bbleft\u00bb form_field_font_size=\u00bb16px\u00bb background_color=\u00bb#FFFFFF\u00bb custom_button=\u00bbon\u00bb button_text_color=\u00bb#FFFFFF\u00bb button_bg_color=\u00bb#003c58&#8243; button_border_width=\u00bb2px\u00bb button_border_radius=\u00bb25px\u00bb button_font=\u00bbMarcellus|700|||||||\u00bb button_use_icon=\u00bboff\u00bb button_custom_margin=\u00bb||||false|false\u00bb button_custom_padding=\u00bb||||false|false\u00bb width=\u00bb100%\u00bb max_width=\u00bb100%\u00bb custom_padding=\u00bb5%|5%|5%|5%|false|false\u00bb title_font_size_tablet=\u00bb\u00bb title_font_size_phone=\u00bb22px\u00bb title_font_size_last_edited=\u00bbon|phone\u00bb border_radii=\u00bbon|25px|25px|25px|25px\u00bb global_colors_info=\u00bb{}\u00bb][et_pb_contact_field field_id=\u00bbName\u00bb field_title=\u00bbNombre\u00bb min_length=\u00bb2&#8243; max_length=\u00bb20&#8243; allowed_symbols=\u00bbletters\u00bb fullwidth_field=\u00bbon\u00bb _builder_version=\u00bb4.27.0&#8243; global_colors_info=\u00bb{}\u00bb button_text_size__hover_enabled=\u00bboff\u00bb button_one_text_size__hover_enabled=\u00bboff\u00bb button_two_text_size__hover_enabled=\u00bboff\u00bb button_text_color__hover_enabled=\u00bboff\u00bb button_one_text_color__hover_enabled=\u00bboff\u00bb button_two_text_color__hover_enabled=\u00bboff\u00bb button_border_width__hover_enabled=\u00bboff\u00bb button_one_border_width__hover_enabled=\u00bboff\u00bb button_two_border_width__hover_enabled=\u00bboff\u00bb button_border_color__hover_enabled=\u00bboff\u00bb button_one_border_color__hover_enabled=\u00bboff\u00bb button_two_border_color__hover_enabled=\u00bboff\u00bb button_border_radius__hover_enabled=\u00bboff\u00bb button_one_border_radius__hover_enabled=\u00bboff\u00bb button_two_border_radius__hover_enabled=\u00bboff\u00bb button_letter_spacing__hover_enabled=\u00bboff\u00bb button_one_letter_spacing__hover_enabled=\u00bboff\u00bb button_two_letter_spacing__hover_enabled=\u00bboff\u00bb button_bg_color__hover_enabled=\u00bboff\u00bb button_one_bg_color__hover_enabled=\u00bboff\u00bb button_two_bg_color__hover_enabled=\u00bboff\u00bb][\/et_pb_contact_field][et_pb_contact_field field_id=\u00bbEmail\u00bb field_title=\u00bbCorreo electr\u00f3nico\u00bb field_type=\u00bbemail\u00bb fullwidth_field=\u00bbon\u00bb _builder_version=\u00bb4.27.0&#8243; global_colors_info=\u00bb{}\u00bb button_text_size__hover_enabled=\u00bboff\u00bb button_one_text_size__hover_enabled=\u00bboff\u00bb button_two_text_size__hover_enabled=\u00bboff\u00bb button_text_color__hover_enabled=\u00bboff\u00bb button_one_text_color__hover_enabled=\u00bboff\u00bb button_two_text_color__hover_enabled=\u00bboff\u00bb button_border_width__hover_enabled=\u00bboff\u00bb button_one_border_width__hover_enabled=\u00bboff\u00bb button_two_border_width__hover_enabled=\u00bboff\u00bb button_border_color__hover_enabled=\u00bboff\u00bb button_one_border_color__hover_enabled=\u00bboff\u00bb button_two_border_color__hover_enabled=\u00bboff\u00bb button_border_radius__hover_enabled=\u00bboff\u00bb button_one_border_radius__hover_enabled=\u00bboff\u00bb button_two_border_radius__hover_enabled=\u00bboff\u00bb button_letter_spacing__hover_enabled=\u00bboff\u00bb button_one_letter_spacing__hover_enabled=\u00bboff\u00bb button_two_letter_spacing__hover_enabled=\u00bboff\u00bb button_bg_color__hover_enabled=\u00bboff\u00bb button_one_bg_color__hover_enabled=\u00bboff\u00bb button_two_bg_color__hover_enabled=\u00bboff\u00bb][\/et_pb_contact_field][et_pb_contact_field field_id=\u00bbPhone\u00bb field_title=\u00bbTel\u00e9fono\u00bb min_length=\u00bb5&#8243; max_length=\u00bb13&#8243; allowed_symbols=\u00bbnumbers\u00bb fullwidth_field=\u00bbon\u00bb _builder_version=\u00bb4.27.0&#8243; _module_preset=\u00bbdefault\u00bb global_colors_info=\u00bb{}\u00bb][\/et_pb_contact_field][et_pb_contact_field field_id=\u00bbMessage\u00bb field_title=\u00bbMensaje\u00bb field_type=\u00bbtext\u00bb fullwidth_field=\u00bbon\u00bb _builder_version=\u00bb4.27.0&#8243; global_colors_info=\u00bb{}\u00bb button_text_size__hover_enabled=\u00bboff\u00bb button_one_text_size__hover_enabled=\u00bboff\u00bb button_two_text_size__hover_enabled=\u00bboff\u00bb button_text_color__hover_enabled=\u00bboff\u00bb button_one_text_color__hover_enabled=\u00bboff\u00bb button_two_text_color__hover_enabled=\u00bboff\u00bb button_border_width__hover_enabled=\u00bboff\u00bb button_one_border_width__hover_enabled=\u00bboff\u00bb button_two_border_width__hover_enabled=\u00bboff\u00bb button_border_color__hover_enabled=\u00bboff\u00bb button_one_border_color__hover_enabled=\u00bboff\u00bb button_two_border_color__hover_enabled=\u00bboff\u00bb button_border_radius__hover_enabled=\u00bboff\u00bb button_one_border_radius__hover_enabled=\u00bboff\u00bb button_two_border_radius__hover_enabled=\u00bboff\u00bb button_letter_spacing__hover_enabled=\u00bboff\u00bb button_one_letter_spacing__hover_enabled=\u00bboff\u00bb button_two_letter_spacing__hover_enabled=\u00bboff\u00bb button_bg_color__hover_enabled=\u00bboff\u00bb button_one_bg_color__hover_enabled=\u00bboff\u00bb button_two_bg_color__hover_enabled=\u00bboff\u00bb][\/et_pb_contact_field][\/et_pb_contact_form][\/et_pb_column][\/et_pb_row][\/et_pb_section]<\/p>\n","protected":false},"excerpt":{"rendered":"<p>Te ayudamos con el sector inmobiliarioBienvenido a \u00c1lamo Costa del Sol, tu socio inmobiliario de confianza en la impresionante costa sur de Espa\u00f1a. Con a\u00f1os de experiencia y profundos conocimientos locales, estamos especializados en ayudar a los clientes a comprar, vender e invertir en propiedades en toda la Costa del Sol. Tanto si buscas una [&hellip;]<\/p>\n","protected":false},"author":1,"featured_media":0,"parent":0,"menu_order":0,"comment_status":"closed","ping_status":"closed","template":"","meta":{"_et_pb_use_builder":"on","_et_pb_old_content":"","_et_gb_content_width":"","footnotes":""},"dipi_cpt_category":[],"class_list":["post-442","page","type-page","status-publish","hentry"],"yoast_head":"<!-- This site is optimized with the Yoast SEO plugin v25.8 - https:\/\/yoast.com\/wordpress\/plugins\/seo\/ -->\n<title>Agencia inmobiliaria en la Costa del Sol | \u00c1lamo Costa del Sol<\/title>\n<meta name=\"description\" content=\"Alamo es una agencia inmobiliaria en la Costa del Sol especializada en ventas de propiedades, nuevos desarrollos y atenci\u00f3n personalizada al cliente.\" \/>\n<meta name=\"robots\" content=\"index, follow, max-snippet:-1, max-image-preview:large, max-video-preview:-1\" \/>\n<link rel=\"canonical\" href=\"https:\/\/alamocostadelsol.com\/es\" \/>\n<meta property=\"og:locale\" content=\"es_ES\" \/>\n<meta property=\"og:type\" content=\"article\" \/>\n<meta property=\"og:title\" content=\"Agencia inmobiliaria en la Costa del Sol | \u00c1lamo Costa del Sol\" \/>\n<meta property=\"og:description\" content=\"Alamo es una agencia inmobiliaria en la Costa del Sol especializada en ventas de propiedades, nuevos desarrollos y atenci\u00f3n personalizada al cliente.\" \/>\n<meta property=\"og:url\" content=\"https:\/\/alamocostadelsol.com\/es\" \/>\n<meta property=\"og:site_name\" content=\"Alamo - makes your dream come true at costa del sol\" \/>\n<meta property=\"article:publisher\" content=\"https:\/\/www.facebook.com\/alamocostadelsol\" \/>\n<meta property=\"article:modified_time\" content=\"2026-03-17T15:09:21+00:00\" \/>\n<meta name=\"twitter:card\" content=\"summary_large_image\" \/>\n<meta name=\"twitter:label1\" content=\"Tiempo de lectura\" \/>\n\t<meta name=\"twitter:data1\" content=\"20 minutos\" \/>\n<script type=\"application\/ld+json\" class=\"yoast-schema-graph\">{\"@context\":\"https:\/\/schema.org\",\"@graph\":[{\"@type\":\"WebPage\",\"@id\":\"https:\/\/alamocostadelsol.com\/es\",\"url\":\"https:\/\/alamocostadelsol.com\/es\",\"name\":\"Agencia inmobiliaria en la Costa del Sol | \u00c1lamo Costa del Sol\",\"isPartOf\":{\"@id\":\"https:\/\/alamocostadelsol.com\/es#website\"},\"datePublished\":\"2024-05-02T20:24:19+00:00\",\"dateModified\":\"2026-03-17T15:09:21+00:00\",\"description\":\"Alamo es una agencia inmobiliaria en la Costa del Sol especializada en ventas de propiedades, nuevos desarrollos y atenci\u00f3n personalizada al cliente.\",\"breadcrumb\":{\"@id\":\"https:\/\/alamocostadelsol.com\/es#breadcrumb\"},\"inLanguage\":\"es\",\"potentialAction\":[{\"@type\":\"ReadAction\",\"target\":[\"https:\/\/alamocostadelsol.com\/es\"]}]},{\"@type\":\"BreadcrumbList\",\"@id\":\"https:\/\/alamocostadelsol.com\/es#breadcrumb\",\"itemListElement\":[{\"@type\":\"ListItem\",\"position\":1,\"name\":\"Home\",\"item\":\"https:\/\/alamocostadelsol.com\/es\"},{\"@type\":\"ListItem\",\"position\":2,\"name\":\"Inicio\"}]},{\"@type\":\"WebSite\",\"@id\":\"https:\/\/alamocostadelsol.com\/es#website\",\"url\":\"https:\/\/alamocostadelsol.com\/es\",\"name\":\"Alamo - makes your dream come true at costa del sol\",\"description\":\"\",\"publisher\":{\"@id\":\"https:\/\/alamocostadelsol.com\/es#organization\"},\"potentialAction\":[{\"@type\":\"SearchAction\",\"target\":{\"@type\":\"EntryPoint\",\"urlTemplate\":\"https:\/\/alamocostadelsol.com\/es?s={search_term_string}\"},\"query-input\":{\"@type\":\"PropertyValueSpecification\",\"valueRequired\":true,\"valueName\":\"search_term_string\"}}],\"inLanguage\":\"es\"},{\"@type\":\"Organization\",\"@id\":\"https:\/\/alamocostadelsol.com\/es#organization\",\"name\":\"Alamo - makes your dream come true at costa del sol\",\"url\":\"https:\/\/alamocostadelsol.com\/es\",\"logo\":{\"@type\":\"ImageObject\",\"inLanguage\":\"es\",\"@id\":\"https:\/\/alamocostadelsol.com\/es#\/schema\/logo\/image\/\",\"url\":\"https:\/\/alamocostadelsol.com\/wp-content\/uploads\/2024\/05\/alamo-costa-del-sol-logotype.png\",\"contentUrl\":\"https:\/\/alamocostadelsol.com\/wp-content\/uploads\/2024\/05\/alamo-costa-del-sol-logotype.png\",\"width\":773,\"height\":170,\"caption\":\"Alamo - makes your dream come true at costa del sol\"},\"image\":{\"@id\":\"https:\/\/alamocostadelsol.com\/es#\/schema\/logo\/image\/\"},\"sameAs\":[\"https:\/\/www.facebook.com\/alamocostadelsol\",\"https:\/\/www.instagram.com\/alamocostadelsol\/\"]}]}<\/script>\n<!-- \/ Yoast SEO plugin. -->","yoast_head_json":{"title":"Agencia inmobiliaria en la Costa del Sol | \u00c1lamo Costa del Sol","description":"Alamo es una agencia inmobiliaria en la Costa del Sol especializada en ventas de propiedades, nuevos desarrollos y atenci\u00f3n personalizada al cliente.","robots":{"index":"index","follow":"follow","max-snippet":"max-snippet:-1","max-image-preview":"max-image-preview:large","max-video-preview":"max-video-preview:-1"},"canonical":"https:\/\/alamocostadelsol.com\/es","og_locale":"es_ES","og_type":"article","og_title":"Agencia inmobiliaria en la Costa del Sol | \u00c1lamo Costa del Sol","og_description":"Alamo es una agencia inmobiliaria en la Costa del Sol especializada en ventas de propiedades, nuevos desarrollos y atenci\u00f3n personalizada al cliente.","og_url":"https:\/\/alamocostadelsol.com\/es","og_site_name":"Alamo - makes your dream come true at costa del sol","article_publisher":"https:\/\/www.facebook.com\/alamocostadelsol","article_modified_time":"2026-03-17T15:09:21+00:00","twitter_card":"summary_large_image","twitter_misc":{"Tiempo de lectura":"20 minutos"},"schema":{"@context":"https:\/\/schema.org","@graph":[{"@type":"WebPage","@id":"https:\/\/alamocostadelsol.com\/es","url":"https:\/\/alamocostadelsol.com\/es","name":"Agencia inmobiliaria en la Costa del Sol | \u00c1lamo Costa del Sol","isPartOf":{"@id":"https:\/\/alamocostadelsol.com\/es#website"},"datePublished":"2024-05-02T20:24:19+00:00","dateModified":"2026-03-17T15:09:21+00:00","description":"Alamo es una agencia inmobiliaria en la Costa del Sol especializada en ventas de propiedades, nuevos desarrollos y atenci\u00f3n personalizada al cliente.","breadcrumb":{"@id":"https:\/\/alamocostadelsol.com\/es#breadcrumb"},"inLanguage":"es","potentialAction":[{"@type":"ReadAction","target":["https:\/\/alamocostadelsol.com\/es"]}]},{"@type":"BreadcrumbList","@id":"https:\/\/alamocostadelsol.com\/es#breadcrumb","itemListElement":[{"@type":"ListItem","position":1,"name":"Home","item":"https:\/\/alamocostadelsol.com\/es"},{"@type":"ListItem","position":2,"name":"Inicio"}]},{"@type":"WebSite","@id":"https:\/\/alamocostadelsol.com\/es#website","url":"https:\/\/alamocostadelsol.com\/es","name":"Alamo - makes your dream come true at costa del sol","description":"","publisher":{"@id":"https:\/\/alamocostadelsol.com\/es#organization"},"potentialAction":[{"@type":"SearchAction","target":{"@type":"EntryPoint","urlTemplate":"https:\/\/alamocostadelsol.com\/es?s={search_term_string}"},"query-input":{"@type":"PropertyValueSpecification","valueRequired":true,"valueName":"search_term_string"}}],"inLanguage":"es"},{"@type":"Organization","@id":"https:\/\/alamocostadelsol.com\/es#organization","name":"Alamo - makes your dream come true at costa del sol","url":"https:\/\/alamocostadelsol.com\/es","logo":{"@type":"ImageObject","inLanguage":"es","@id":"https:\/\/alamocostadelsol.com\/es#\/schema\/logo\/image\/","url":"https:\/\/alamocostadelsol.com\/wp-content\/uploads\/2024\/05\/alamo-costa-del-sol-logotype.png","contentUrl":"https:\/\/alamocostadelsol.com\/wp-content\/uploads\/2024\/05\/alamo-costa-del-sol-logotype.png","width":773,"height":170,"caption":"Alamo - makes your dream come true at costa del sol"},"image":{"@id":"https:\/\/alamocostadelsol.com\/es#\/schema\/logo\/image\/"},"sameAs":["https:\/\/www.facebook.com\/alamocostadelsol","https:\/\/www.instagram.com\/alamocostadelsol\/"]}]}},"_links":{"self":[{"href":"https:\/\/alamocostadelsol.com\/es\/wp-json\/wp\/v2\/pages\/442","targetHints":{"allow":["GET"]}}],"collection":[{"href":"https:\/\/alamocostadelsol.com\/es\/wp-json\/wp\/v2\/pages"}],"about":[{"href":"https:\/\/alamocostadelsol.com\/es\/wp-json\/wp\/v2\/types\/page"}],"author":[{"embeddable":true,"href":"https:\/\/alamocostadelsol.com\/es\/wp-json\/wp\/v2\/users\/1"}],"replies":[{"embeddable":true,"href":"https:\/\/alamocostadelsol.com\/es\/wp-json\/wp\/v2\/comments?post=442"}],"version-history":[{"count":46,"href":"https:\/\/alamocostadelsol.com\/es\/wp-json\/wp\/v2\/pages\/442\/revisions"}],"predecessor-version":[{"id":18816755,"href":"https:\/\/alamocostadelsol.com\/es\/wp-json\/wp\/v2\/pages\/442\/revisions\/18816755"}],"wp:attachment":[{"href":"https:\/\/alamocostadelsol.com\/es\/wp-json\/wp\/v2\/media?parent=442"}],"wp:term":[{"taxonomy":"dipi_cpt_category","embeddable":true,"href":"https:\/\/alamocostadelsol.com\/es\/wp-json\/wp\/v2\/dipi_cpt_category?post=442"}],"curies":[{"name":"wp","href":"https:\/\/api.w.org\/{rel}","templated":true}]}}