{"id":18812194,"date":"2024-06-10T18:13:39","date_gmt":"2024-06-10T16:13:39","guid":{"rendered":"https:\/\/alamocostadelsol.com\/ueber-alamo\/julia-palacios-fernandez"},"modified":"2026-01-12T16:43:29","modified_gmt":"2026-01-12T15:43:29","slug":"julia-palacios-fernandez","status":"publish","type":"page","link":"https:\/\/alamocostadelsol.com\/de\/ueber-alamo\/julia-palacios-fernandez","title":{"rendered":"Julia Palacios Fernandez"},"content":{"rendered":"<p>[et_pb_section fb_built=&#8220;1&#8243; _builder_version=&#8220;4.25.1&#8243; _module_preset=&#8220;default&#8220; global_colors_info=&#8220;{}&#8220;][et_pb_row column_structure=&#8220;1_3,2_3&#8243; _builder_version=&#8220;4.25.1&#8243; _module_preset=&#8220;default&#8220; width=&#8220;90%&#8220; max_width=&#8220;100%&#8220; global_colors_info=&#8220;{}&#8220;][et_pb_column type=&#8220;1_3&#8243; _builder_version=&#8220;4.25.1&#8243; _module_preset=&#8220;default&#8220; global_colors_info=&#8220;{}&#8220;][et_pb_image src=&#8220;https:\/\/alamocostadelsol.com\/wp-content\/uploads\/2024\/06\/1Rityta-1@0.5x-2.webp&#8220; alt=&#8220;Julia Palacios Fern\u00e1ndez&#8220; title_text=&#8220;Julia Palacios Fern\u00e1ndez&#8220; align=&#8220;right&#8220; _builder_version=&#8220;4.25.2&#8243; _module_preset=&#8220;default&#8220; width=&#8220;80%&#8220; global_colors_info=&#8220;{}&#8220;][\/et_pb_image][\/et_pb_column][et_pb_column type=&#8220;2_3&#8243; _builder_version=&#8220;4.25.1&#8243; _module_preset=&#8220;default&#8220; global_colors_info=&#8220;{}&#8220;][et_pb_text _builder_version=&#8220;4.25.1&#8243; _module_preset=&#8220;default&#8220; text_font=&#8220;Marcellus||||||||&#8220; text_font_size=&#8220;16px&#8220; header_font=&#8220;Marcellus|700|||||||&#8220; header_font_size=&#8220;36px&#8220; header_2_font=&#8220;Marcellus||||||||&#8220; header_2_font_size=&#8220;22px&#8220; global_colors_info=&#8220;{}&#8220;]<\/p>\n<h1><a class=\"block font-medium text-lg\">Julia Palacios Fern\u00e1ndez<\/a><\/h1>\n<h2>Immobilienmakler<\/h2>\n<p><span><\/span><\/p>\n<p><span>Ich bin in Australien geboren und aufgewachsen, obwohl meine Wurzeln spanisch sind. Meine Leidenschaft f\u00fcr Reisen und Multikulturalit\u00e4t hat mich dazu gebracht, eine F\u00e4higkeit f\u00fcr soziale Beziehungen und die Freude daran zu entwickeln, den Kunden L\u00f6sungen und Dienstleistungen anzubieten. Bei Alamo Costa del Sol Real Estate habe ich den perfekten Ort gefunden, um unseren Kunden beim Verkauf ihrer Immobilien sowie beim Kauf ihres neuen Eigenheims zu helfen und den Traum vom Kauf eines Eigenheims in Spanien zu erf\u00fcllen. Ich bin stolz darauf, ein Mitglied dieses internationalen Teams von Immobilienmaklern bei Alamo zu sein.   <\/span><\/p>\n<p>[\/et_pb_text][et_pb_code _builder_version=&#8220;4.27.0&#8243; _module_preset=&#8220;default&#8220; hover_enabled=&#8220;0&#8243; sticky_enabled=&#8220;0&#8243;]<div data-src=\"https:\/\/cdn.trustindex.io\/loader.js?2edb93943a55886a5b56c60e58f\"><\/div>[\/et_pb_code][\/et_pb_column][\/et_pb_row][et_pb_row _builder_version=&#8220;4.27.0&#8243; _module_preset=&#8220;default&#8220;][et_pb_column _builder_version=&#8220;4.27.0&#8243; _module_preset=&#8220;default&#8220; type=&#8220;4_4&#8243;][et_pb_post_nav _builder_version=&#8220;4.27.0&#8243; _module_preset=&#8220;default&#8220; global_colors_info=&#8220;{}&#8220; theme_builder_area=&#8220;post_content&#8220;][\/et_pb_post_nav][\/et_pb_column][\/et_pb_row][\/et_pb_section]<\/p>\n","protected":false},"excerpt":{"rendered":"<p>Julia Palacios Fern\u00e1ndez Immobilienmakler Ich bin in Australien geboren und aufgewachsen, obwohl meine Wurzeln spanisch sind. Meine Leidenschaft f\u00fcr Reisen und Multikulturalit\u00e4t hat mich dazu gebracht, eine F\u00e4higkeit f\u00fcr soziale Beziehungen und die Freude daran zu entwickeln, den Kunden L\u00f6sungen und Dienstleistungen anzubieten. Bei Alamo Costa del Sol Real Estate habe ich den perfekten Ort [&hellip;]<\/p>\n","protected":false},"author":1,"featured_media":0,"parent":18812185,"menu_order":0,"comment_status":"closed","ping_status":"closed","template":"","meta":{"_et_pb_use_builder":"on","_et_pb_old_content":"","_et_gb_content_width":"","footnotes":""},"dipi_cpt_category":[],"class_list":["post-18812194","page","type-page","status-publish","hentry"],"yoast_head":"<!-- This site is optimized with the Yoast SEO plugin v25.8 - https:\/\/yoast.com\/wordpress\/plugins\/seo\/ -->\n<title>Julia Palacios Fern\u00e1ndez | Immobilienmakler an der Costa del Sol<\/title>\n<meta name=\"description\" content=\"Julia Palacios Fern\u00e1ndez ist Immobilienmaklerin bei Alamo Costa del Sol und unterst\u00fctzt Kunden mit lokaler Expertise und klarer Kommunikation.\" \/>\n<meta name=\"robots\" content=\"index, follow, max-snippet:-1, max-image-preview:large, max-video-preview:-1\" \/>\n<link rel=\"canonical\" href=\"https:\/\/alamocostadelsol.com\/de\/ueber-alamo\/julia-palacios-fernandez\" \/>\n<meta property=\"og:locale\" content=\"de_DE\" \/>\n<meta property=\"og:type\" content=\"article\" \/>\n<meta property=\"og:title\" content=\"Julia Palacios Fern\u00e1ndez | Immobilienmakler an der Costa del Sol\" \/>\n<meta property=\"og:description\" content=\"Julia Palacios Fern\u00e1ndez ist Immobilienmaklerin bei Alamo Costa del Sol und unterst\u00fctzt Kunden mit lokaler Expertise und klarer Kommunikation.\" \/>\n<meta property=\"og:url\" content=\"https:\/\/alamocostadelsol.com\/de\/ueber-alamo\/julia-palacios-fernandez\" \/>\n<meta property=\"og:site_name\" content=\"Alamo - makes your dream come true at costa del sol\" \/>\n<meta property=\"article:publisher\" content=\"https:\/\/www.facebook.com\/alamocostadelsol\" \/>\n<meta property=\"article:modified_time\" content=\"2026-01-12T15:43:29+00:00\" \/>\n<meta name=\"twitter:card\" content=\"summary_large_image\" \/>\n<meta name=\"twitter:label1\" content=\"Gesch\u00e4tzte Lesezeit\" \/>\n\t<meta name=\"twitter:data1\" content=\"2\u00a0Minuten\" \/>\n<script type=\"application\/ld+json\" class=\"yoast-schema-graph\">{\"@context\":\"https:\/\/schema.org\",\"@graph\":[{\"@type\":\"WebPage\",\"@id\":\"https:\/\/alamocostadelsol.com\/de\/ueber-alamo\/julia-palacios-fernandez\",\"url\":\"https:\/\/alamocostadelsol.com\/de\/ueber-alamo\/julia-palacios-fernandez\",\"name\":\"Julia Palacios Fern\u00e1ndez | Immobilienmakler an der Costa del Sol\",\"isPartOf\":{\"@id\":\"https:\/\/alamocostadelsol.com\/de#website\"},\"datePublished\":\"2024-06-10T16:13:39+00:00\",\"dateModified\":\"2026-01-12T15:43:29+00:00\",\"description\":\"Julia Palacios Fern\u00e1ndez ist Immobilienmaklerin bei Alamo Costa del Sol und unterst\u00fctzt Kunden mit lokaler Expertise und klarer Kommunikation.\",\"breadcrumb\":{\"@id\":\"https:\/\/alamocostadelsol.com\/de\/ueber-alamo\/julia-palacios-fernandez#breadcrumb\"},\"inLanguage\":\"de\",\"potentialAction\":[{\"@type\":\"ReadAction\",\"target\":[\"https:\/\/alamocostadelsol.com\/de\/ueber-alamo\/julia-palacios-fernandez\"]}]},{\"@type\":\"BreadcrumbList\",\"@id\":\"https:\/\/alamocostadelsol.com\/de\/ueber-alamo\/julia-palacios-fernandez#breadcrumb\",\"itemListElement\":[{\"@type\":\"ListItem\",\"position\":1,\"name\":\"Home\",\"item\":\"https:\/\/alamocostadelsol.com\/de\"},{\"@type\":\"ListItem\",\"position\":2,\"name\":\"\u00dcber Alamo\",\"item\":\"https:\/\/alamocostadelsol.com\/de\/ueber-alamo\"},{\"@type\":\"ListItem\",\"position\":3,\"name\":\"Julia Palacios Fernandez\"}]},{\"@type\":\"WebSite\",\"@id\":\"https:\/\/alamocostadelsol.com\/de#website\",\"url\":\"https:\/\/alamocostadelsol.com\/de\",\"name\":\"Alamo - makes your dream come true at costa del sol\",\"description\":\"\",\"publisher\":{\"@id\":\"https:\/\/alamocostadelsol.com\/de#organization\"},\"potentialAction\":[{\"@type\":\"SearchAction\",\"target\":{\"@type\":\"EntryPoint\",\"urlTemplate\":\"https:\/\/alamocostadelsol.com\/de?s={search_term_string}\"},\"query-input\":{\"@type\":\"PropertyValueSpecification\",\"valueRequired\":true,\"valueName\":\"search_term_string\"}}],\"inLanguage\":\"de\"},{\"@type\":\"Organization\",\"@id\":\"https:\/\/alamocostadelsol.com\/de#organization\",\"name\":\"Alamo - makes your dream come true at costa del sol\",\"url\":\"https:\/\/alamocostadelsol.com\/de\",\"logo\":{\"@type\":\"ImageObject\",\"inLanguage\":\"de\",\"@id\":\"https:\/\/alamocostadelsol.com\/de#\/schema\/logo\/image\/\",\"url\":\"https:\/\/alamocostadelsol.com\/wp-content\/uploads\/2024\/05\/alamo-costa-del-sol-logotype.png\",\"contentUrl\":\"https:\/\/alamocostadelsol.com\/wp-content\/uploads\/2024\/05\/alamo-costa-del-sol-logotype.png\",\"width\":773,\"height\":170,\"caption\":\"Alamo - makes your dream come true at costa del sol\"},\"image\":{\"@id\":\"https:\/\/alamocostadelsol.com\/de#\/schema\/logo\/image\/\"},\"sameAs\":[\"https:\/\/www.facebook.com\/alamocostadelsol\",\"https:\/\/www.instagram.com\/alamocostadelsol\/\"]}]}<\/script>\n<!-- \/ Yoast SEO plugin. -->","yoast_head_json":{"title":"Julia Palacios Fern\u00e1ndez | Immobilienmakler an der Costa del Sol","description":"Julia Palacios Fern\u00e1ndez ist Immobilienmaklerin bei Alamo Costa del Sol und unterst\u00fctzt Kunden mit lokaler Expertise und klarer Kommunikation.","robots":{"index":"index","follow":"follow","max-snippet":"max-snippet:-1","max-image-preview":"max-image-preview:large","max-video-preview":"max-video-preview:-1"},"canonical":"https:\/\/alamocostadelsol.com\/de\/ueber-alamo\/julia-palacios-fernandez","og_locale":"de_DE","og_type":"article","og_title":"Julia Palacios Fern\u00e1ndez | Immobilienmakler an der Costa del Sol","og_description":"Julia Palacios Fern\u00e1ndez ist Immobilienmaklerin bei Alamo Costa del Sol und unterst\u00fctzt Kunden mit lokaler Expertise und klarer Kommunikation.","og_url":"https:\/\/alamocostadelsol.com\/de\/ueber-alamo\/julia-palacios-fernandez","og_site_name":"Alamo - makes your dream come true at costa del sol","article_publisher":"https:\/\/www.facebook.com\/alamocostadelsol","article_modified_time":"2026-01-12T15:43:29+00:00","twitter_card":"summary_large_image","twitter_misc":{"Gesch\u00e4tzte Lesezeit":"2\u00a0Minuten"},"schema":{"@context":"https:\/\/schema.org","@graph":[{"@type":"WebPage","@id":"https:\/\/alamocostadelsol.com\/de\/ueber-alamo\/julia-palacios-fernandez","url":"https:\/\/alamocostadelsol.com\/de\/ueber-alamo\/julia-palacios-fernandez","name":"Julia Palacios Fern\u00e1ndez | Immobilienmakler an der Costa del Sol","isPartOf":{"@id":"https:\/\/alamocostadelsol.com\/de#website"},"datePublished":"2024-06-10T16:13:39+00:00","dateModified":"2026-01-12T15:43:29+00:00","description":"Julia Palacios Fern\u00e1ndez ist Immobilienmaklerin bei Alamo Costa del Sol und unterst\u00fctzt Kunden mit lokaler Expertise und klarer Kommunikation.","breadcrumb":{"@id":"https:\/\/alamocostadelsol.com\/de\/ueber-alamo\/julia-palacios-fernandez#breadcrumb"},"inLanguage":"de","potentialAction":[{"@type":"ReadAction","target":["https:\/\/alamocostadelsol.com\/de\/ueber-alamo\/julia-palacios-fernandez"]}]},{"@type":"BreadcrumbList","@id":"https:\/\/alamocostadelsol.com\/de\/ueber-alamo\/julia-palacios-fernandez#breadcrumb","itemListElement":[{"@type":"ListItem","position":1,"name":"Home","item":"https:\/\/alamocostadelsol.com\/de"},{"@type":"ListItem","position":2,"name":"\u00dcber Alamo","item":"https:\/\/alamocostadelsol.com\/de\/ueber-alamo"},{"@type":"ListItem","position":3,"name":"Julia Palacios Fernandez"}]},{"@type":"WebSite","@id":"https:\/\/alamocostadelsol.com\/de#website","url":"https:\/\/alamocostadelsol.com\/de","name":"Alamo - makes your dream come true at costa del sol","description":"","publisher":{"@id":"https:\/\/alamocostadelsol.com\/de#organization"},"potentialAction":[{"@type":"SearchAction","target":{"@type":"EntryPoint","urlTemplate":"https:\/\/alamocostadelsol.com\/de?s={search_term_string}"},"query-input":{"@type":"PropertyValueSpecification","valueRequired":true,"valueName":"search_term_string"}}],"inLanguage":"de"},{"@type":"Organization","@id":"https:\/\/alamocostadelsol.com\/de#organization","name":"Alamo - makes your dream come true at costa del sol","url":"https:\/\/alamocostadelsol.com\/de","logo":{"@type":"ImageObject","inLanguage":"de","@id":"https:\/\/alamocostadelsol.com\/de#\/schema\/logo\/image\/","url":"https:\/\/alamocostadelsol.com\/wp-content\/uploads\/2024\/05\/alamo-costa-del-sol-logotype.png","contentUrl":"https:\/\/alamocostadelsol.com\/wp-content\/uploads\/2024\/05\/alamo-costa-del-sol-logotype.png","width":773,"height":170,"caption":"Alamo - makes your dream come true at costa del sol"},"image":{"@id":"https:\/\/alamocostadelsol.com\/de#\/schema\/logo\/image\/"},"sameAs":["https:\/\/www.facebook.com\/alamocostadelsol","https:\/\/www.instagram.com\/alamocostadelsol\/"]}]}},"_links":{"self":[{"href":"https:\/\/alamocostadelsol.com\/de\/wp-json\/wp\/v2\/pages\/18812194","targetHints":{"allow":["GET"]}}],"collection":[{"href":"https:\/\/alamocostadelsol.com\/de\/wp-json\/wp\/v2\/pages"}],"about":[{"href":"https:\/\/alamocostadelsol.com\/de\/wp-json\/wp\/v2\/types\/page"}],"author":[{"embeddable":true,"href":"https:\/\/alamocostadelsol.com\/de\/wp-json\/wp\/v2\/users\/1"}],"replies":[{"embeddable":true,"href":"https:\/\/alamocostadelsol.com\/de\/wp-json\/wp\/v2\/comments?post=18812194"}],"version-history":[{"count":4,"href":"https:\/\/alamocostadelsol.com\/de\/wp-json\/wp\/v2\/pages\/18812194\/revisions"}],"predecessor-version":[{"id":18814488,"href":"https:\/\/alamocostadelsol.com\/de\/wp-json\/wp\/v2\/pages\/18812194\/revisions\/18814488"}],"up":[{"embeddable":true,"href":"https:\/\/alamocostadelsol.com\/de\/wp-json\/wp\/v2\/pages\/18812185"}],"wp:attachment":[{"href":"https:\/\/alamocostadelsol.com\/de\/wp-json\/wp\/v2\/media?parent=18812194"}],"wp:term":[{"taxonomy":"dipi_cpt_category","embeddable":true,"href":"https:\/\/alamocostadelsol.com\/de\/wp-json\/wp\/v2\/dipi_cpt_category?post=18812194"}],"curies":[{"name":"wp","href":"https:\/\/api.w.org\/{rel}","templated":true}]}}